{"id":8,"date":"2023-08-10T17:46:35","date_gmt":"2023-08-10T15:46:35","guid":{"rendered":"https:\/\/idheas.org.mx\/micrositionew\/?page_id=8"},"modified":"2023-09-20T08:37:13","modified_gmt":"2023-09-20T06:37:13","slug":"elementor-8","status":"publish","type":"page","link":"https:\/\/idheas.org.mx\/la-esperanza-en-los-campos-de-la-ausencia\/","title":{"rendered":"Elementor #8"},"content":{"rendered":"\t\t<div data-elementor-type=\"wp-page\" data-elementor-id=\"8\" class=\"elementor elementor-8\">\n\t\t\t\t\t\t\t\t\t<section class=\"elementor-section elementor-top-section elementor-element elementor-element-1e842f950 elementor-section-height-min-height elementor-section-boxed elementor-section-height-default elementor-section-items-middle wpr-particle-no wpr-jarallax-no wpr-parallax-no wpr-sticky-section-no\" data-id=\"1e842f950\" data-element_type=\"section\" data-settings=\"{&quot;background_background&quot;:&quot;classic&quot;,&quot;_ha_eqh_enable&quot;:false}\">\n\t\t\t\t\t\t\t<div class=\"elementor-background-overlay\"><\/div>\n\t\t\t\t\t\t\t<div class=\"elementor-container elementor-column-gap-default\">\n\t\t\t\t\t<div class=\"elementor-column elementor-col-100 elementor-top-column elementor-element elementor-element-78959350\" data-id=\"78959350\" data-element_type=\"column\">\n\t\t\t<div class=\"elementor-widget-wrap elementor-element-populated\">\n\t\t\t\t\t\t\t\t<div class=\"elementor-element elementor-element-247cb9d0 elementor-widget elementor-widget-heading\" data-id=\"247cb9d0\" data-element_type=\"widget\" data-widget_type=\"heading.default\">\n\t\t\t\t<div class=\"elementor-widget-container\">\n\t\t\t<style>\/*! elementor - v3.15.0 - 09-08-2023 *\/\n.elementor-heading-title{padding:0;margin:0;line-height:1}.elementor-widget-heading .elementor-heading-title[class*=elementor-size-]>a{color:inherit;font-size:inherit;line-height:inherit}.elementor-widget-heading .elementor-heading-title.elementor-size-small{font-size:15px}.elementor-widget-heading .elementor-heading-title.elementor-size-medium{font-size:19px}.elementor-widget-heading .elementor-heading-title.elementor-size-large{font-size:29px}.elementor-widget-heading .elementor-heading-title.elementor-size-xl{font-size:39px}.elementor-widget-heading .elementor-heading-title.elementor-size-xxl{font-size:59px}<\/style><h2 class=\"elementor-heading-title elementor-size-default\">La esperanza en los campos <br>\nde la ausencia:<\/h2>\t\t<\/div>\n\t\t\t\t<\/div>\n\t\t\t\t<div class=\"elementor-element elementor-element-22f3e2e0 elementor-widget elementor-widget-heading\" data-id=\"22f3e2e0\" data-element_type=\"widget\" data-widget_type=\"heading.default\">\n\t\t\t\t<div class=\"elementor-widget-container\">\n\t\t\t<h2 class=\"elementor-heading-title elementor-size-default\">las mujeres buscadoras en M\u00e9xico<\/h2>\t\t<\/div>\n\t\t\t\t<\/div>\n\t\t\t\t<section class=\"elementor-section elementor-inner-section elementor-element elementor-element-c450e38 elementor-section-boxed elementor-section-height-default elementor-section-height-default wpr-particle-no wpr-jarallax-no wpr-parallax-no wpr-sticky-section-no\" data-id=\"c450e38\" data-element_type=\"section\" data-settings=\"{&quot;_ha_eqh_enable&quot;:false}\">\n\t\t\t\t\t\t<div class=\"elementor-container elementor-column-gap-default\">\n\t\t\t\t\t<div class=\"elementor-column elementor-col-50 elementor-inner-column elementor-element elementor-element-826d113\" data-id=\"826d113\" data-element_type=\"column\">\n\t\t\t<div class=\"elementor-widget-wrap elementor-element-populated\">\n\t\t\t\t\t\t\t\t<div class=\"elementor-element elementor-element-2566d29 wpr-button-icon-style-inline wpr-button-icon-position-right elementor-widget elementor-widget-wpr-button\" data-id=\"2566d29\" data-element_type=\"widget\" data-widget_type=\"wpr-button.default\">\n\t\t\t\t<div class=\"elementor-widget-container\">\n\t\t\t\t\n\t\t\t\n\t\t\n\t\t<div class=\"wpr-button-wrap elementor-clearfix\">\n\t\t<a class=\"wpr-button wpr-button-effect wpr-button-none\" data-text=\"Go\" href=\"https:\/\/idheas.org.mx\/la-esperanza-en-los-campos-de-la-ausencia\/wp-content\/uploads\/2023\/09\/La-esperanza-en-los-campos-de-la-ausencia-Las-mujeres-buscadoras-en-Mexico.pdf\" target=\"_blank\">\n\t\t\t\n\t\t\t<span class=\"wpr-button-content\">\n\t\t\t\t\t\t\t\t\t<span class=\"wpr-button-text\">Edici\u00f3n en Espa\u00f1ol<\/span>\n\t\t\t\t\t\t\t\t\n\t\t\t\t\t\t\t<\/span>\n\t\t<\/a>\n\n\t\t\t\t<\/div>\n\t\n\t\n\t\t\t<\/div>\n\t\t\t\t<\/div>\n\t\t\t\t\t<\/div>\n\t\t<\/div>\n\t\t\t\t<div class=\"elementor-column elementor-col-50 elementor-inner-column elementor-element elementor-element-b156324\" data-id=\"b156324\" data-element_type=\"column\">\n\t\t\t<div class=\"elementor-widget-wrap elementor-element-populated\">\n\t\t\t\t\t\t\t\t<div class=\"elementor-element elementor-element-8669198 wpr-button-icon-style-inline wpr-button-icon-position-right elementor-widget elementor-widget-wpr-button\" data-id=\"8669198\" data-element_type=\"widget\" data-widget_type=\"wpr-button.default\">\n\t\t\t\t<div class=\"elementor-widget-container\">\n\t\t\t\t\n\t\t\t\n\t\t\n\t\t<div class=\"wpr-button-wrap elementor-clearfix\">\n\t\t<a class=\"wpr-button wpr-button-effect wpr-button-none\" data-text=\"Go\" href=\"https:\/\/idheas.org.mx\/la-esperanza-en-los-campos-de-la-ausencia\/wp-content\/uploads\/2023\/09\/Gaceta-ING-Version.pdf\" target=\"_blank\">\n\t\t\t\n\t\t\t<span class=\"wpr-button-content\">\n\t\t\t\t\t\t\t\t\t<span class=\"wpr-button-text\">English Edition<\/span>\n\t\t\t\t\t\t\t\t\n\t\t\t\t\t\t\t<\/span>\n\t\t<\/a>\n\n\t\t\t\t<\/div>\n\t\n\t\n\t\t\t<\/div>\n\t\t\t\t<\/div>\n\t\t\t\t\t<\/div>\n\t\t<\/div>\n\t\t\t\t\t\t\t<\/div>\n\t\t<\/section>\n\t\t\t\t<div class=\"elementor-element elementor-element-1f5c7be elementor-widget elementor-widget-heading\" data-id=\"1f5c7be\" data-element_type=\"widget\" data-widget_type=\"heading.default\">\n\t\t\t\t<div class=\"elementor-widget-container\">\n\t\t\t<h2 class=\"elementor-heading-title elementor-size-default\">Hope in the fields of absence :<\/h2>\t\t<\/div>\n\t\t\t\t<\/div>\n\t\t\t\t<div class=\"elementor-element elementor-element-ed6f006 elementor-widget elementor-widget-heading\" data-id=\"ed6f006\" data-element_type=\"widget\" data-widget_type=\"heading.default\">\n\t\t\t\t<div class=\"elementor-widget-container\">\n\t\t\t<h2 class=\"elementor-heading-title elementor-size-default\">Searching women in Mexico<\/h2>\t\t<\/div>\n\t\t\t\t<\/div>\n\t\t\t\t<div class=\"elementor-element elementor-element-fea6088 elementor-widget elementor-widget-heading\" data-id=\"fea6088\" data-element_type=\"widget\" data-widget_type=\"heading.default\">\n\t\t\t\t<div class=\"elementor-widget-container\">\n\t\t\t<h2 class=\"elementor-heading-title elementor-size-default\">The contents of this website are the source materials for our publication \u201cHope in the fields of absence : <BR>Searching women in Mexico\u201d, which can be consulted in English following the link above.<\/h2>\t\t<\/div>\n\t\t\t\t<\/div>\n\t\t\t\t\t<\/div>\n\t\t<\/div>\n\t\t\t\t\t\t\t<\/div>\n\t\t<\/section>\n\t\t\t\t<section class=\"elementor-section elementor-top-section elementor-element elementor-element-6a9ab114 elementor-section-boxed elementor-section-height-default elementor-section-height-default wpr-particle-no wpr-jarallax-no wpr-parallax-no wpr-sticky-section-no\" data-id=\"6a9ab114\" data-element_type=\"section\" data-settings=\"{&quot;background_background&quot;:&quot;classic&quot;,&quot;_ha_eqh_enable&quot;:false}\">\n\t\t\t\t\t\t<div class=\"elementor-container elementor-column-gap-wide\">\n\t\t\t\t\t<div class=\"elementor-column elementor-col-50 elementor-top-column elementor-element elementor-element-7fcfa492\" data-id=\"7fcfa492\" data-element_type=\"column\">\n\t\t\t<div class=\"elementor-widget-wrap elementor-element-populated\">\n\t\t\t\t\t\t\t\t<div class=\"elementor-element elementor-element-3c246179 elementor-widget elementor-widget-image\" data-id=\"3c246179\" data-element_type=\"widget\" data-widget_type=\"image.default\">\n\t\t\t\t<div class=\"elementor-widget-container\">\n\t\t\t<style>\/*! elementor - v3.15.0 - 09-08-2023 *\/\n.elementor-widget-image{text-align:center}.elementor-widget-image a{display:inline-block}.elementor-widget-image a img[src$=\".svg\"]{width:48px}.elementor-widget-image img{vertical-align:middle;display:inline-block}<\/style>\t\t\t\t\t\t\t\t\t\t\t\t<img loading=\"lazy\" decoding=\"async\" width=\"800\" height=\"933\" src=\"https:\/\/idheas.org.mx\/la-esperanza-en-los-campos-de-la-ausencia\/wp-content\/uploads\/2023\/09\/frase2-878x1024.jpg\" class=\"attachment-large size-large wp-image-127\" alt=\"\" srcset=\"https:\/\/idheas.org.mx\/la-esperanza-en-los-campos-de-la-ausencia\/wp-content\/uploads\/2023\/09\/frase2-878x1024.jpg 878w, https:\/\/idheas.org.mx\/la-esperanza-en-los-campos-de-la-ausencia\/wp-content\/uploads\/2023\/09\/frase2-257x300.jpg 257w, https:\/\/idheas.org.mx\/la-esperanza-en-los-campos-de-la-ausencia\/wp-content\/uploads\/2023\/09\/frase2-768x896.jpg 768w, https:\/\/idheas.org.mx\/la-esperanza-en-los-campos-de-la-ausencia\/wp-content\/uploads\/2023\/09\/frase2.jpg 1063w\" sizes=\"auto, (max-width: 800px) 100vw, 800px\" \/>\t\t\t\t\t\t\t\t\t\t\t\t\t\t\t<\/div>\n\t\t\t\t<\/div>\n\t\t\t\t<div class=\"elementor-element elementor-element-12c1414e elementor-absolute elementor-widget-tablet__width-initial elementor-widget elementor-widget-image\" data-id=\"12c1414e\" data-element_type=\"widget\" data-settings=\"{&quot;_position&quot;:&quot;absolute&quot;}\" data-widget_type=\"image.default\">\n\t\t\t\t<div class=\"elementor-widget-container\">\n\t\t\t\t\t\t\t\t\t\t\t\t\t\t\t<img decoding=\"async\" src=\"https:\/\/idheas.org.mx\/micrositionew\/wp-content\/plugins\/elementor\/assets\/images\/placeholder.png\" title=\"\" alt=\"\" loading=\"lazy\" \/>\t\t\t\t\t\t\t\t\t\t\t\t\t\t\t<\/div>\n\t\t\t\t<\/div>\n\t\t\t\t\t<\/div>\n\t\t<\/div>\n\t\t\t\t<div class=\"elementor-column elementor-col-50 elementor-top-column elementor-element elementor-element-16376acd\" data-id=\"16376acd\" data-element_type=\"column\">\n\t\t\t<div class=\"elementor-widget-wrap elementor-element-populated\">\n\t\t\t\t\t\t\t\t<div class=\"elementor-element elementor-element-18781394 elementor-widget elementor-widget-text-editor\" data-id=\"18781394\" data-element_type=\"widget\" data-widget_type=\"text-editor.default\">\n\t\t\t\t<div class=\"elementor-widget-container\">\n\t\t\t<style>\/*! elementor - v3.15.0 - 09-08-2023 *\/\n.elementor-widget-text-editor.elementor-drop-cap-view-stacked .elementor-drop-cap{background-color:#69727d;color:#fff}.elementor-widget-text-editor.elementor-drop-cap-view-framed .elementor-drop-cap{color:#69727d;border:3px solid;background-color:transparent}.elementor-widget-text-editor:not(.elementor-drop-cap-view-default) .elementor-drop-cap{margin-top:8px}.elementor-widget-text-editor:not(.elementor-drop-cap-view-default) .elementor-drop-cap-letter{width:1em;height:1em}.elementor-widget-text-editor .elementor-drop-cap{float:left;text-align:center;line-height:1;font-size:50px}.elementor-widget-text-editor .elementor-drop-cap-letter{display:inline-block}<\/style>\t\t\t\t<p>La corrupci\u00f3n, las respuestas pol\u00edticas tard\u00edas y la inacci\u00f3n institucional acompa\u00f1an el n\u00famero en aumento de las desapariciones en M\u00e9xico, al 1 de agosto 110, 857 (CNB, 2023). Los peri\u00f3dicos reportan el desolador panorama de las cifras crecientes con su t\u00edpica calma, alertando a la poblaci\u00f3n del incuestionable alcance de la crisis de derechos humanos que vive el pa\u00eds. La violencia penetrante se ha normalizado en el sistema judicial y en el aparato gubernamental mexicano; con sus omisiones, sus respuestas tard\u00edas, su indiferencia y su inacci\u00f3n. Las representaciones medi\u00e1ticas de la crisis de desapariciones en M\u00e9xico se enfrentan con frecuencia al silencio sobrecogedor que aquellos que han desaparecido dejaron atr\u00e1s. La impunidad rampante cimienta el r\u00e9cord mort\u00edfero que ha fragmentado el tejido social y a innumerables familias.<\/p>\t\t\t\t\t\t<\/div>\n\t\t\t\t<\/div>\n\t\t\t\t\t<\/div>\n\t\t<\/div>\n\t\t\t\t\t\t\t<\/div>\n\t\t<\/section>\n\t\t\t\t<section class=\"elementor-section elementor-top-section elementor-element elementor-element-1c4f3f43 elementor-section-boxed elementor-section-height-default elementor-section-height-default wpr-particle-no wpr-jarallax-no wpr-parallax-no wpr-sticky-section-no\" data-id=\"1c4f3f43\" data-element_type=\"section\" data-settings=\"{&quot;background_background&quot;:&quot;classic&quot;,&quot;_ha_eqh_enable&quot;:false}\">\n\t\t\t\t\t\t\t<div class=\"elementor-background-overlay\"><\/div>\n\t\t\t\t\t\t\t<div class=\"elementor-container elementor-column-gap-default\">\n\t\t\t\t\t<div class=\"elementor-column elementor-col-100 elementor-top-column elementor-element elementor-element-4b310f15\" data-id=\"4b310f15\" data-element_type=\"column\">\n\t\t\t<div class=\"elementor-widget-wrap elementor-element-populated\">\n\t\t\t\t\t\t\t\t<section class=\"elementor-section elementor-inner-section elementor-element elementor-element-43ff9cd1 elementor-section-boxed elementor-section-height-default elementor-section-height-default wpr-particle-no wpr-jarallax-no wpr-parallax-no wpr-sticky-section-no\" data-id=\"43ff9cd1\" data-element_type=\"section\" data-settings=\"{&quot;_ha_eqh_enable&quot;:false}\">\n\t\t\t\t\t\t<div class=\"elementor-container elementor-column-gap-default\">\n\t\t\t\t\t<div class=\"elementor-column elementor-col-25 elementor-inner-column elementor-element elementor-element-8048782\" data-id=\"8048782\" data-element_type=\"column\">\n\t\t\t<div class=\"elementor-widget-wrap elementor-element-populated\">\n\t\t\t\t\t\t\t\t<div class=\"elementor-element elementor-element-476a26e8 elementor-widget elementor-widget-image\" data-id=\"476a26e8\" data-element_type=\"widget\" data-widget_type=\"image.default\">\n\t\t\t\t<div class=\"elementor-widget-container\">\n\t\t\t\t\t\t\t\t\t\t\t\t\t\t\t<img loading=\"lazy\" decoding=\"async\" width=\"791\" height=\"1024\" src=\"https:\/\/idheas.org.mx\/la-esperanza-en-los-campos-de-la-ausencia\/wp-content\/uploads\/2023\/09\/perdida_Mesa-de-trabajo-1-791x1024.jpg\" class=\"attachment-large size-large wp-image-129\" alt=\"\" srcset=\"https:\/\/idheas.org.mx\/la-esperanza-en-los-campos-de-la-ausencia\/wp-content\/uploads\/2023\/09\/perdida_Mesa-de-trabajo-1-791x1024.jpg 791w, https:\/\/idheas.org.mx\/la-esperanza-en-los-campos-de-la-ausencia\/wp-content\/uploads\/2023\/09\/perdida_Mesa-de-trabajo-1-232x300.jpg 232w, https:\/\/idheas.org.mx\/la-esperanza-en-los-campos-de-la-ausencia\/wp-content\/uploads\/2023\/09\/perdida_Mesa-de-trabajo-1-768x994.jpg 768w, https:\/\/idheas.org.mx\/la-esperanza-en-los-campos-de-la-ausencia\/wp-content\/uploads\/2023\/09\/perdida_Mesa-de-trabajo-1-1187x1536.jpg 1187w, https:\/\/idheas.org.mx\/la-esperanza-en-los-campos-de-la-ausencia\/wp-content\/uploads\/2023\/09\/perdida_Mesa-de-trabajo-1-1583x2048.jpg 1583w, https:\/\/idheas.org.mx\/la-esperanza-en-los-campos-de-la-ausencia\/wp-content\/uploads\/2023\/09\/perdida_Mesa-de-trabajo-1-scaled.jpg 1978w\" sizes=\"auto, (max-width: 791px) 100vw, 791px\" \/>\t\t\t\t\t\t\t\t\t\t\t\t\t\t\t<\/div>\n\t\t\t\t<\/div>\n\t\t\t\t<div class=\"elementor-element elementor-element-530bd7ba elementor-widget elementor-widget-heading\" data-id=\"530bd7ba\" data-element_type=\"widget\" data-widget_type=\"heading.default\">\n\t\t\t\t<div class=\"elementor-widget-container\">\n\t\t\t<h2 class=\"elementor-heading-title elementor-size-default\">P\u00e9rdida ambigua<\/h2>\t\t<\/div>\n\t\t\t\t<\/div>\n\t\t\t\t<div class=\"elementor-element elementor-element-277ef3da wpr-button-icon-style-inline wpr-button-icon-position-right elementor-widget elementor-widget-wpr-button\" data-id=\"277ef3da\" data-element_type=\"widget\" data-widget_type=\"wpr-button.default\">\n\t\t\t\t<div class=\"elementor-widget-container\">\n\t\t\t\t\n\t\t\t\n\t\t\n\t\t<div class=\"wpr-button-wrap elementor-clearfix\">\n\t\t<a class=\"wpr-button wpr-button-effect wpr-button-none\" data-text=\"Go\" href=\"#perdida\">\n\t\t\t\n\t\t\t<span class=\"wpr-button-content\">\n\t\t\t\t\t\t\t\t\t<span class=\"wpr-button-text\">Leer m\u00e1s<\/span>\n\t\t\t\t\t\t\t\t\n\t\t\t\t\t\t\t\t\t<span class=\"wpr-button-icon\"><i class=\"fas fa-long-arrow-alt-right\"><\/i><\/span>\n\t\t\t\t\t\t\t<\/span>\n\t\t<\/a>\n\n\t\t\t\t<\/div>\n\t\n\t\n\t\t\t<\/div>\n\t\t\t\t<\/div>\n\t\t\t\t\t<\/div>\n\t\t<\/div>\n\t\t\t\t<div class=\"elementor-column elementor-col-25 elementor-inner-column elementor-element elementor-element-36922ebe\" data-id=\"36922ebe\" data-element_type=\"column\">\n\t\t\t<div class=\"elementor-widget-wrap elementor-element-populated\">\n\t\t\t\t\t\t\t\t<div class=\"elementor-element elementor-element-2e31255b elementor-widget elementor-widget-image\" data-id=\"2e31255b\" data-element_type=\"widget\" data-widget_type=\"image.default\">\n\t\t\t\t<div class=\"elementor-widget-container\">\n\t\t\t\t\t\t\t\t\t\t\t\t\t\t\t<img loading=\"lazy\" decoding=\"async\" width=\"791\" height=\"1024\" src=\"https:\/\/idheas.org.mx\/la-esperanza-en-los-campos-de-la-ausencia\/wp-content\/uploads\/2023\/09\/busqueda_Mesa-de-trabajo-1-791x1024.jpg\" class=\"attachment-large size-large wp-image-189\" alt=\"\" srcset=\"https:\/\/idheas.org.mx\/la-esperanza-en-los-campos-de-la-ausencia\/wp-content\/uploads\/2023\/09\/busqueda_Mesa-de-trabajo-1-791x1024.jpg 791w, https:\/\/idheas.org.mx\/la-esperanza-en-los-campos-de-la-ausencia\/wp-content\/uploads\/2023\/09\/busqueda_Mesa-de-trabajo-1-232x300.jpg 232w, https:\/\/idheas.org.mx\/la-esperanza-en-los-campos-de-la-ausencia\/wp-content\/uploads\/2023\/09\/busqueda_Mesa-de-trabajo-1-768x994.jpg 768w, https:\/\/idheas.org.mx\/la-esperanza-en-los-campos-de-la-ausencia\/wp-content\/uploads\/2023\/09\/busqueda_Mesa-de-trabajo-1-1187x1536.jpg 1187w, https:\/\/idheas.org.mx\/la-esperanza-en-los-campos-de-la-ausencia\/wp-content\/uploads\/2023\/09\/busqueda_Mesa-de-trabajo-1-1583x2048.jpg 1583w, https:\/\/idheas.org.mx\/la-esperanza-en-los-campos-de-la-ausencia\/wp-content\/uploads\/2023\/09\/busqueda_Mesa-de-trabajo-1-scaled.jpg 1978w\" sizes=\"auto, (max-width: 791px) 100vw, 791px\" \/>\t\t\t\t\t\t\t\t\t\t\t\t\t\t\t<\/div>\n\t\t\t\t<\/div>\n\t\t\t\t<div class=\"elementor-element elementor-element-43a366ba elementor-widget elementor-widget-heading\" data-id=\"43a366ba\" data-element_type=\"widget\" data-widget_type=\"heading.default\">\n\t\t\t\t<div class=\"elementor-widget-container\">\n\t\t\t<h2 class=\"elementor-heading-title elementor-size-default\">B\u00fasqueda<\/h2>\t\t<\/div>\n\t\t\t\t<\/div>\n\t\t\t\t<div class=\"elementor-element elementor-element-148600be wpr-button-icon-style-inline wpr-button-icon-position-right elementor-widget elementor-widget-wpr-button\" data-id=\"148600be\" data-element_type=\"widget\" data-widget_type=\"wpr-button.default\">\n\t\t\t\t<div class=\"elementor-widget-container\">\n\t\t\t\t\n\t\t\t\n\t\t\n\t\t<div class=\"wpr-button-wrap elementor-clearfix\">\n\t\t<a class=\"wpr-button wpr-button-effect wpr-button-none\" data-text=\"Go\" href=\"#busqueda\">\n\t\t\t\n\t\t\t<span class=\"wpr-button-content\">\n\t\t\t\t\t\t\t\t\t<span class=\"wpr-button-text\">Leer m\u00e1s<\/span>\n\t\t\t\t\t\t\t\t\n\t\t\t\t\t\t\t\t\t<span class=\"wpr-button-icon\"><i class=\"fas fa-long-arrow-alt-right\"><\/i><\/span>\n\t\t\t\t\t\t\t<\/span>\n\t\t<\/a>\n\n\t\t\t\t<\/div>\n\t\n\t\n\t\t\t<\/div>\n\t\t\t\t<\/div>\n\t\t\t\t\t<\/div>\n\t\t<\/div>\n\t\t\t\t<div class=\"elementor-column elementor-col-25 elementor-inner-column elementor-element elementor-element-70e5ed24\" data-id=\"70e5ed24\" data-element_type=\"column\">\n\t\t\t<div class=\"elementor-widget-wrap elementor-element-populated\">\n\t\t\t\t\t\t\t\t<div class=\"elementor-element elementor-element-27b6dbc6 elementor-widget elementor-widget-image\" data-id=\"27b6dbc6\" data-element_type=\"widget\" data-widget_type=\"image.default\">\n\t\t\t\t<div class=\"elementor-widget-container\">\n\t\t\t\t\t\t\t\t\t\t\t\t\t\t\t<img loading=\"lazy\" decoding=\"async\" width=\"791\" height=\"1024\" src=\"https:\/\/idheas.org.mx\/la-esperanza-en-los-campos-de-la-ausencia\/wp-content\/uploads\/2023\/09\/protesta1_Mesa-de-trabajo-1-791x1024.jpg\" class=\"attachment-large size-large wp-image-131\" alt=\"\" srcset=\"https:\/\/idheas.org.mx\/la-esperanza-en-los-campos-de-la-ausencia\/wp-content\/uploads\/2023\/09\/protesta1_Mesa-de-trabajo-1-791x1024.jpg 791w, https:\/\/idheas.org.mx\/la-esperanza-en-los-campos-de-la-ausencia\/wp-content\/uploads\/2023\/09\/protesta1_Mesa-de-trabajo-1-232x300.jpg 232w, https:\/\/idheas.org.mx\/la-esperanza-en-los-campos-de-la-ausencia\/wp-content\/uploads\/2023\/09\/protesta1_Mesa-de-trabajo-1-768x994.jpg 768w, https:\/\/idheas.org.mx\/la-esperanza-en-los-campos-de-la-ausencia\/wp-content\/uploads\/2023\/09\/protesta1_Mesa-de-trabajo-1-1187x1536.jpg 1187w, https:\/\/idheas.org.mx\/la-esperanza-en-los-campos-de-la-ausencia\/wp-content\/uploads\/2023\/09\/protesta1_Mesa-de-trabajo-1-1583x2048.jpg 1583w, https:\/\/idheas.org.mx\/la-esperanza-en-los-campos-de-la-ausencia\/wp-content\/uploads\/2023\/09\/protesta1_Mesa-de-trabajo-1-scaled.jpg 1978w\" sizes=\"auto, (max-width: 791px) 100vw, 791px\" \/>\t\t\t\t\t\t\t\t\t\t\t\t\t\t\t<\/div>\n\t\t\t\t<\/div>\n\t\t\t\t<div class=\"elementor-element elementor-element-681c2365 elementor-widget elementor-widget-heading\" data-id=\"681c2365\" data-element_type=\"widget\" data-widget_type=\"heading.default\">\n\t\t\t\t<div class=\"elementor-widget-container\">\n\t\t\t<h2 class=\"elementor-heading-title elementor-size-default\">Protesta<\/h2>\t\t<\/div>\n\t\t\t\t<\/div>\n\t\t\t\t<div class=\"elementor-element elementor-element-34988925 wpr-button-icon-style-inline wpr-button-icon-position-right elementor-widget elementor-widget-wpr-button\" data-id=\"34988925\" data-element_type=\"widget\" data-widget_type=\"wpr-button.default\">\n\t\t\t\t<div class=\"elementor-widget-container\">\n\t\t\t\t\n\t\t\t\n\t\t\n\t\t<div class=\"wpr-button-wrap elementor-clearfix\">\n\t\t<a class=\"wpr-button wpr-button-effect wpr-button-none\" data-text=\"Go\" href=\"#protesta\">\n\t\t\t\n\t\t\t<span class=\"wpr-button-content\">\n\t\t\t\t\t\t\t\t\t<span class=\"wpr-button-text\">Leer m\u00e1s<\/span>\n\t\t\t\t\t\t\t\t\n\t\t\t\t\t\t\t\t\t<span class=\"wpr-button-icon\"><i class=\"fas fa-long-arrow-alt-right\"><\/i><\/span>\n\t\t\t\t\t\t\t<\/span>\n\t\t<\/a>\n\n\t\t\t\t<\/div>\n\t\n\t\n\t\t\t<\/div>\n\t\t\t\t<\/div>\n\t\t\t\t\t<\/div>\n\t\t<\/div>\n\t\t\t\t<div class=\"elementor-column elementor-col-25 elementor-inner-column elementor-element elementor-element-5fff5ee5\" data-id=\"5fff5ee5\" data-element_type=\"column\">\n\t\t\t<div class=\"elementor-widget-wrap elementor-element-populated\">\n\t\t\t\t\t\t\t\t<div class=\"elementor-element elementor-element-67fea5d6 elementor-widget elementor-widget-image\" data-id=\"67fea5d6\" data-element_type=\"widget\" data-widget_type=\"image.default\">\n\t\t\t\t<div class=\"elementor-widget-container\">\n\t\t\t\t\t\t\t\t\t\t\t\t\t\t\t<img loading=\"lazy\" decoding=\"async\" width=\"791\" height=\"1024\" src=\"https:\/\/idheas.org.mx\/la-esperanza-en-los-campos-de-la-ausencia\/wp-content\/uploads\/2023\/09\/memoria_Mesa-de-trabajo-1-791x1024.jpg\" class=\"attachment-large size-large wp-image-130\" alt=\"\" srcset=\"https:\/\/idheas.org.mx\/la-esperanza-en-los-campos-de-la-ausencia\/wp-content\/uploads\/2023\/09\/memoria_Mesa-de-trabajo-1-791x1024.jpg 791w, https:\/\/idheas.org.mx\/la-esperanza-en-los-campos-de-la-ausencia\/wp-content\/uploads\/2023\/09\/memoria_Mesa-de-trabajo-1-232x300.jpg 232w, https:\/\/idheas.org.mx\/la-esperanza-en-los-campos-de-la-ausencia\/wp-content\/uploads\/2023\/09\/memoria_Mesa-de-trabajo-1-768x994.jpg 768w, https:\/\/idheas.org.mx\/la-esperanza-en-los-campos-de-la-ausencia\/wp-content\/uploads\/2023\/09\/memoria_Mesa-de-trabajo-1-1187x1536.jpg 1187w, https:\/\/idheas.org.mx\/la-esperanza-en-los-campos-de-la-ausencia\/wp-content\/uploads\/2023\/09\/memoria_Mesa-de-trabajo-1-1583x2048.jpg 1583w, https:\/\/idheas.org.mx\/la-esperanza-en-los-campos-de-la-ausencia\/wp-content\/uploads\/2023\/09\/memoria_Mesa-de-trabajo-1-scaled.jpg 1978w\" sizes=\"auto, (max-width: 791px) 100vw, 791px\" \/>\t\t\t\t\t\t\t\t\t\t\t\t\t\t\t<\/div>\n\t\t\t\t<\/div>\n\t\t\t\t<div class=\"elementor-element elementor-element-38e4d40 elementor-widget elementor-widget-heading\" data-id=\"38e4d40\" data-element_type=\"widget\" data-widget_type=\"heading.default\">\n\t\t\t\t<div class=\"elementor-widget-container\">\n\t\t\t<h2 class=\"elementor-heading-title elementor-size-default\">Memoria<\/h2>\t\t<\/div>\n\t\t\t\t<\/div>\n\t\t\t\t<div class=\"elementor-element elementor-element-7b3a2468 wpr-button-icon-style-inline wpr-button-icon-position-right elementor-widget elementor-widget-wpr-button\" data-id=\"7b3a2468\" data-element_type=\"widget\" data-widget_type=\"wpr-button.default\">\n\t\t\t\t<div class=\"elementor-widget-container\">\n\t\t\t\t\n\t\t\t\n\t\t\n\t\t<div class=\"wpr-button-wrap elementor-clearfix\">\n\t\t<a class=\"wpr-button wpr-button-effect wpr-button-none\" data-text=\"Go\" href=\"#memoria\">\n\t\t\t\n\t\t\t<span class=\"wpr-button-content\">\n\t\t\t\t\t\t\t\t\t<span class=\"wpr-button-text\">Leer m\u00e1s<\/span>\n\t\t\t\t\t\t\t\t\n\t\t\t\t\t\t\t\t\t<span class=\"wpr-button-icon\"><i class=\"fas fa-long-arrow-alt-right\"><\/i><\/span>\n\t\t\t\t\t\t\t<\/span>\n\t\t<\/a>\n\n\t\t\t\t<\/div>\n\t\n\t\n\t\t\t<\/div>\n\t\t\t\t<\/div>\n\t\t\t\t\t<\/div>\n\t\t<\/div>\n\t\t\t\t\t\t\t<\/div>\n\t\t<\/section>\n\t\t\t\t\t<\/div>\n\t\t<\/div>\n\t\t\t\t\t\t\t<\/div>\n\t\t<\/section>\n\t\t\t\t<section class=\"elementor-section elementor-top-section elementor-element elementor-element-34989cdc elementor-section-boxed elementor-section-height-default elementor-section-height-default wpr-particle-no wpr-jarallax-no wpr-parallax-no wpr-sticky-section-no\" data-id=\"34989cdc\" data-element_type=\"section\" id=\"perdida\" data-settings=\"{&quot;_ha_eqh_enable&quot;:false}\">\n\t\t\t\t\t\t\t<div class=\"elementor-background-overlay\"><\/div>\n\t\t\t\t\t\t\t<div class=\"elementor-container elementor-column-gap-default\">\n\t\t\t\t\t<div class=\"elementor-column elementor-col-100 elementor-top-column elementor-element elementor-element-6b66de04\" data-id=\"6b66de04\" data-element_type=\"column\">\n\t\t\t<div class=\"elementor-widget-wrap elementor-element-populated\">\n\t\t\t\t\t\t\t\t<div class=\"elementor-element elementor-element-79a56773 elementor-widget elementor-widget-heading\" data-id=\"79a56773\" data-element_type=\"widget\" data-widget_type=\"heading.default\">\n\t\t\t\t<div class=\"elementor-widget-container\">\n\t\t\t<h2 class=\"elementor-heading-title elementor-size-default\">P\u00e9rdida ambigua<\/h2>\t\t<\/div>\n\t\t\t\t<\/div>\n\t\t\t\t<div class=\"elementor-element elementor-element-22c187eb elementor-widget-divider--view-line elementor-widget elementor-widget-divider\" data-id=\"22c187eb\" data-element_type=\"widget\" data-widget_type=\"divider.default\">\n\t\t\t\t<div class=\"elementor-widget-container\">\n\t\t\t<style>\/*! elementor - v3.15.0 - 09-08-2023 *\/\n.elementor-widget-divider{--divider-border-style:none;--divider-border-width:1px;--divider-color:#0c0d0e;--divider-icon-size:20px;--divider-element-spacing:10px;--divider-pattern-height:24px;--divider-pattern-size:20px;--divider-pattern-url:none;--divider-pattern-repeat:repeat-x}.elementor-widget-divider .elementor-divider{display:flex}.elementor-widget-divider .elementor-divider__text{font-size:15px;line-height:1;max-width:95%}.elementor-widget-divider .elementor-divider__element{margin:0 var(--divider-element-spacing);flex-shrink:0}.elementor-widget-divider .elementor-icon{font-size:var(--divider-icon-size)}.elementor-widget-divider .elementor-divider-separator{display:flex;margin:0;direction:ltr}.elementor-widget-divider--view-line_icon .elementor-divider-separator,.elementor-widget-divider--view-line_text .elementor-divider-separator{align-items:center}.elementor-widget-divider--view-line_icon .elementor-divider-separator:after,.elementor-widget-divider--view-line_icon .elementor-divider-separator:before,.elementor-widget-divider--view-line_text .elementor-divider-separator:after,.elementor-widget-divider--view-line_text .elementor-divider-separator:before{display:block;content:\"\";border-bottom:0;flex-grow:1;border-top:var(--divider-border-width) var(--divider-border-style) var(--divider-color)}.elementor-widget-divider--element-align-left .elementor-divider .elementor-divider-separator>.elementor-divider__svg:first-of-type{flex-grow:0;flex-shrink:100}.elementor-widget-divider--element-align-left .elementor-divider-separator:before{content:none}.elementor-widget-divider--element-align-left .elementor-divider__element{margin-left:0}.elementor-widget-divider--element-align-right .elementor-divider .elementor-divider-separator>.elementor-divider__svg:last-of-type{flex-grow:0;flex-shrink:100}.elementor-widget-divider--element-align-right .elementor-divider-separator:after{content:none}.elementor-widget-divider--element-align-right .elementor-divider__element{margin-right:0}.elementor-widget-divider:not(.elementor-widget-divider--view-line_text):not(.elementor-widget-divider--view-line_icon) .elementor-divider-separator{border-top:var(--divider-border-width) var(--divider-border-style) var(--divider-color)}.elementor-widget-divider--separator-type-pattern{--divider-border-style:none}.elementor-widget-divider--separator-type-pattern.elementor-widget-divider--view-line .elementor-divider-separator,.elementor-widget-divider--separator-type-pattern:not(.elementor-widget-divider--view-line) .elementor-divider-separator:after,.elementor-widget-divider--separator-type-pattern:not(.elementor-widget-divider--view-line) .elementor-divider-separator:before,.elementor-widget-divider--separator-type-pattern:not([class*=elementor-widget-divider--view]) .elementor-divider-separator{width:100%;min-height:var(--divider-pattern-height);-webkit-mask-size:var(--divider-pattern-size) 100%;mask-size:var(--divider-pattern-size) 100%;-webkit-mask-repeat:var(--divider-pattern-repeat);mask-repeat:var(--divider-pattern-repeat);background-color:var(--divider-color);-webkit-mask-image:var(--divider-pattern-url);mask-image:var(--divider-pattern-url)}.elementor-widget-divider--no-spacing{--divider-pattern-size:auto}.elementor-widget-divider--bg-round{--divider-pattern-repeat:round}.rtl .elementor-widget-divider .elementor-divider__text{direction:rtl}.e-con-inner>.elementor-widget-divider,.e-con>.elementor-widget-divider{width:var(--container-widget-width,100%);--flex-grow:var(--container-widget-flex-grow)}<\/style>\t\t<div class=\"elementor-divider\">\n\t\t\t<span class=\"elementor-divider-separator\">\n\t\t\t\t\t\t<\/span>\n\t\t<\/div>\n\t\t\t\t<\/div>\n\t\t\t\t<\/div>\n\t\t\t\t<div class=\"elementor-element elementor-element-7554d755 elementor-widget elementor-widget-text-editor\" data-id=\"7554d755\" data-element_type=\"widget\" data-widget_type=\"text-editor.default\">\n\t\t\t\t<div class=\"elementor-widget-container\">\n\t\t\t\t\t\t\t<p>\u00bfY qu\u00e9 dices? \u00bfQu\u00e9 era m\u00e1s valioso? \u00bfEs bueno o malo? \u00bfSeguir con la ausencia y la incertidumbre? \u00bfO encontrar? \u201d<\/p><p>-Araceli Salcedo<\/p>\t\t\t\t\t\t<\/div>\n\t\t\t\t<\/div>\n\t\t\t\t\t<\/div>\n\t\t<\/div>\n\t\t\t\t\t\t\t<\/div>\n\t\t<\/section>\n\t\t\t\t<section class=\"elementor-section elementor-top-section elementor-element elementor-element-6ad7225a elementor-section-boxed elementor-section-height-default elementor-section-height-default wpr-particle-no wpr-jarallax-no wpr-parallax-no wpr-sticky-section-no\" data-id=\"6ad7225a\" data-element_type=\"section\" data-settings=\"{&quot;_ha_eqh_enable&quot;:false}\">\n\t\t\t\t\t\t\t<div class=\"elementor-background-overlay\"><\/div>\n\t\t\t\t\t\t\t<div class=\"elementor-container elementor-column-gap-wide\">\n\t\t\t\t\t<div class=\"elementor-column elementor-col-50 elementor-top-column elementor-element elementor-element-6d3b843a\" data-id=\"6d3b843a\" data-element_type=\"column\">\n\t\t\t<div class=\"elementor-widget-wrap elementor-element-populated\">\n\t\t\t\t\t\t\t\t<div class=\"elementor-element elementor-element-77ac4d4b elementor-widget elementor-widget-text-editor\" data-id=\"77ac4d4b\" data-element_type=\"widget\" data-widget_type=\"text-editor.default\">\n\t\t\t\t<div class=\"elementor-widget-container\">\n\t\t\t\t\t\t\t<p>&#8220;&#8230; te quitan una parte de tu vida, de tu coraz\u00f3n, de tu f\u00edsico. No es algo ambiguo. No es algo que nunca viste. Fue parte muchos a\u00f1os de mi vida.&#8221;<\/p><p>-Mina Ruiz<\/p>\t\t\t\t\t\t<\/div>\n\t\t\t\t<\/div>\n\t\t\t\t<div class=\"elementor-element elementor-element-5518733 elementor-widget elementor-widget-shortcode\" data-id=\"5518733\" data-element_type=\"widget\" data-widget_type=\"shortcode.default\">\n\t\t\t\t<div class=\"elementor-widget-container\">\n\t\t\t\t\t<div class=\"elementor-shortcode\">        \r\n    <div>\r\n        <div id=\"h5ap69f207fdafec0\" class=\"h5ap_standard_player\" style='width:100%;margin:0 auto;max-width: 100%;'>\r\n            <audio class=\"player\" playsinline  >\r\n                <source src=\"https:\/\/idheas.org.mx\/la-esperanza-en-los-campos-de-la-ausencia\/wp-content\/uploads\/2023\/08\/AUDIO-1.-Mina-Ruiz-perdida.m4a\"  type=\"audio\/mp4\" \/>\r\n            <\/audio>\r\n        <\/div>\r\n    <\/div>\r\n\r\n    <\/div>\n\t\t\t\t<\/div>\n\t\t\t\t<\/div>\n\t\t\t\t<div class=\"elementor-element elementor-element-27580f32 elementor-widget-divider--view-line elementor-widget elementor-widget-divider\" data-id=\"27580f32\" data-element_type=\"widget\" data-widget_type=\"divider.default\">\n\t\t\t\t<div class=\"elementor-widget-container\">\n\t\t\t\t\t<div class=\"elementor-divider\">\n\t\t\t<span class=\"elementor-divider-separator\">\n\t\t\t\t\t\t<\/span>\n\t\t<\/div>\n\t\t\t\t<\/div>\n\t\t\t\t<\/div>\n\t\t\t\t<div class=\"elementor-element elementor-element-abd8737 elementor-widget elementor-widget-image\" data-id=\"abd8737\" data-element_type=\"widget\" data-widget_type=\"image.default\">\n\t\t\t\t<div class=\"elementor-widget-container\">\n\t\t\t\t\t\t\t\t\t\t\t\t\t\t\t<img loading=\"lazy\" decoding=\"async\" width=\"800\" height=\"800\" src=\"https:\/\/idheas.org.mx\/la-esperanza-en-los-campos-de-la-ausencia\/wp-content\/uploads\/2023\/09\/Micro-ara-1024x1024.jpg\" class=\"attachment-large size-large wp-image-182\" alt=\"\" srcset=\"https:\/\/idheas.org.mx\/la-esperanza-en-los-campos-de-la-ausencia\/wp-content\/uploads\/2023\/09\/Micro-ara-1024x1024.jpg 1024w, https:\/\/idheas.org.mx\/la-esperanza-en-los-campos-de-la-ausencia\/wp-content\/uploads\/2023\/09\/Micro-ara-300x300.jpg 300w, https:\/\/idheas.org.mx\/la-esperanza-en-los-campos-de-la-ausencia\/wp-content\/uploads\/2023\/09\/Micro-ara-150x150.jpg 150w, https:\/\/idheas.org.mx\/la-esperanza-en-los-campos-de-la-ausencia\/wp-content\/uploads\/2023\/09\/Micro-ara-768x768.jpg 768w, https:\/\/idheas.org.mx\/la-esperanza-en-los-campos-de-la-ausencia\/wp-content\/uploads\/2023\/09\/Micro-ara-1536x1536.jpg 1536w, https:\/\/idheas.org.mx\/la-esperanza-en-los-campos-de-la-ausencia\/wp-content\/uploads\/2023\/09\/Micro-ara.jpg 1890w\" sizes=\"auto, (max-width: 800px) 100vw, 800px\" \/>\t\t\t\t\t\t\t\t\t\t\t\t\t\t\t<\/div>\n\t\t\t\t<\/div>\n\t\t\t\t\t<\/div>\n\t\t<\/div>\n\t\t\t\t<div class=\"elementor-column elementor-col-50 elementor-top-column elementor-element elementor-element-1cafda8d\" data-id=\"1cafda8d\" data-element_type=\"column\">\n\t\t\t<div class=\"elementor-widget-wrap elementor-element-populated\">\n\t\t\t\t\t\t\t\t<div class=\"elementor-element elementor-element-37486afb elementor-widget elementor-widget-image\" data-id=\"37486afb\" data-element_type=\"widget\" data-widget_type=\"image.default\">\n\t\t\t\t<div class=\"elementor-widget-container\">\n\t\t\t\t\t\t\t\t\t\t\t\t\t\t\t<img loading=\"lazy\" decoding=\"async\" width=\"800\" height=\"845\" src=\"https:\/\/idheas.org.mx\/la-esperanza-en-los-campos-de-la-ausencia\/wp-content\/uploads\/2023\/09\/Mina-969x1024.png\" class=\"attachment-large size-large wp-image-165\" alt=\"\" srcset=\"https:\/\/idheas.org.mx\/la-esperanza-en-los-campos-de-la-ausencia\/wp-content\/uploads\/2023\/09\/Mina-969x1024.png 969w, https:\/\/idheas.org.mx\/la-esperanza-en-los-campos-de-la-ausencia\/wp-content\/uploads\/2023\/09\/Mina-284x300.png 284w, https:\/\/idheas.org.mx\/la-esperanza-en-los-campos-de-la-ausencia\/wp-content\/uploads\/2023\/09\/Mina-768x812.png 768w, https:\/\/idheas.org.mx\/la-esperanza-en-los-campos-de-la-ausencia\/wp-content\/uploads\/2023\/09\/Mina-1453x1536.png 1453w, https:\/\/idheas.org.mx\/la-esperanza-en-los-campos-de-la-ausencia\/wp-content\/uploads\/2023\/09\/Mina-1937x2048.png 1937w\" sizes=\"auto, (max-width: 800px) 100vw, 800px\" \/>\t\t\t\t\t\t\t\t\t\t\t\t\t\t\t<\/div>\n\t\t\t\t<\/div>\n\t\t\t\t<div class=\"elementor-element elementor-element-6ff545bc elementor-view-default elementor-widget elementor-widget-icon\" data-id=\"6ff545bc\" data-element_type=\"widget\" data-widget_type=\"icon.default\">\n\t\t\t\t<div class=\"elementor-widget-container\">\n\t\t\t\t\t<div class=\"elementor-icon-wrapper\">\n\t\t\t<div class=\"elementor-icon\">\n\t\t\t<i aria-hidden=\"true\" class=\"fas fa-map-marker-alt\"><\/i>\t\t\t<\/div>\n\t\t<\/div>\n\t\t\t\t<\/div>\n\t\t\t\t<\/div>\n\t\t\t\t<div class=\"elementor-element elementor-element-56d44c5e elementor-widget elementor-widget-text-editor\" data-id=\"56d44c5e\" data-element_type=\"widget\" data-widget_type=\"text-editor.default\">\n\t\t\t\t<div class=\"elementor-widget-container\">\n\t\t\t\t\t\t\t<p>&#8220;Lo \u00fanico que me da miedo es que se me olvide ese timbre de su voz, porque ya son 11 a\u00f1os. 11 a\u00f1os que no la huelo, que no la escucho, que no la abrazo, que no la siento.&#8221;<\/p><p>-Araceli Salcedo<\/p>\t\t\t\t\t\t<\/div>\n\t\t\t\t<\/div>\n\t\t\t\t<div class=\"elementor-element elementor-element-40befd9 elementor-widget elementor-widget-shortcode\" data-id=\"40befd9\" data-element_type=\"widget\" data-widget_type=\"shortcode.default\">\n\t\t\t\t<div class=\"elementor-widget-container\">\n\t\t\t\t\t<div class=\"elementor-shortcode\">        \r\n    <div>\r\n        <div id=\"h5ap69f207fdc5e8e\" class=\"h5ap_standard_player\" style='width:100%;margin:0 auto;max-width: 100%;'>\r\n            <audio class=\"player\" playsinline  >\r\n                <source src=\"https:\/\/idheas.org.mx\/la-esperanza-en-los-campos-de-la-ausencia\/wp-content\/uploads\/2023\/08\/AUDIO-2.-Araceli-Salcedo-Perdida-ambigua.m4a\"  type=\"audio\/mp4\" \/>\r\n            <\/audio>\r\n        <\/div>\r\n    <\/div>\r\n\r\n    <\/div>\n\t\t\t\t<\/div>\n\t\t\t\t<\/div>\n\t\t\t\t\t<\/div>\n\t\t<\/div>\n\t\t\t\t\t\t\t<\/div>\n\t\t<\/section>\n\t\t\t\t<section class=\"elementor-section elementor-top-section elementor-element elementor-element-299c3d53 elementor-section-boxed elementor-section-height-default elementor-section-height-default wpr-particle-no wpr-jarallax-no wpr-parallax-no wpr-sticky-section-no\" data-id=\"299c3d53\" data-element_type=\"section\" id=\"busqueda\" data-settings=\"{&quot;_ha_eqh_enable&quot;:false}\">\n\t\t\t\t\t\t\t<div class=\"elementor-background-overlay\"><\/div>\n\t\t\t\t\t\t\t<div class=\"elementor-container elementor-column-gap-default\">\n\t\t\t\t\t<div class=\"elementor-column elementor-col-100 elementor-top-column elementor-element elementor-element-34095ebb\" data-id=\"34095ebb\" data-element_type=\"column\">\n\t\t\t<div class=\"elementor-widget-wrap elementor-element-populated\">\n\t\t\t\t\t\t\t\t<div class=\"elementor-element elementor-element-4c9bfb68 elementor-widget elementor-widget-heading\" data-id=\"4c9bfb68\" data-element_type=\"widget\" data-widget_type=\"heading.default\">\n\t\t\t\t<div class=\"elementor-widget-container\">\n\t\t\t<h2 class=\"elementor-heading-title elementor-size-default\">B\u00fasqueda<\/h2>\t\t<\/div>\n\t\t\t\t<\/div>\n\t\t\t\t<div class=\"elementor-element elementor-element-120ac22 elementor-widget elementor-widget-text-editor\" data-id=\"120ac22\" data-element_type=\"widget\" data-widget_type=\"text-editor.default\">\n\t\t\t\t<div class=\"elementor-widget-container\">\n\t\t\t\t\t\t\t<p>&#8220;En M\u00e9xico, a diario, miles de madres, hermanas,hermanos, amigos y padres despiertan y seaferran a la esperanza para no caer en las garras del miedo&#8221;.<\/p>\t\t\t\t\t\t<\/div>\n\t\t\t\t<\/div>\n\t\t\t\t<section class=\"elementor-section elementor-inner-section elementor-element elementor-element-6ce535a4 elementor-section-boxed elementor-section-height-default elementor-section-height-default wpr-particle-no wpr-jarallax-no wpr-parallax-no wpr-sticky-section-no\" data-id=\"6ce535a4\" data-element_type=\"section\" data-settings=\"{&quot;_ha_eqh_enable&quot;:false}\">\n\t\t\t\t\t\t<div class=\"elementor-container elementor-column-gap-default\">\n\t\t\t\t\t<div class=\"elementor-column elementor-col-25 elementor-inner-column elementor-element elementor-element-4ffb24ce\" data-id=\"4ffb24ce\" data-element_type=\"column\">\n\t\t\t<div class=\"elementor-widget-wrap elementor-element-populated\">\n\t\t\t\t\t\t\t\t<div class=\"elementor-element elementor-element-23529944 elementor-widget elementor-widget-image\" data-id=\"23529944\" data-element_type=\"widget\" data-widget_type=\"image.default\">\n\t\t\t\t<div class=\"elementor-widget-container\">\n\t\t\t\t\t\t\t\t\t\t\t\t\t\t\t<img loading=\"lazy\" decoding=\"async\" width=\"800\" height=\"533\" src=\"https:\/\/idheas.org.mx\/la-esperanza-en-los-campos-de-la-ausencia\/wp-content\/uploads\/2023\/08\/I-1024x682.jpeg\" class=\"attachment-large size-large wp-image-76\" alt=\"\" srcset=\"https:\/\/idheas.org.mx\/la-esperanza-en-los-campos-de-la-ausencia\/wp-content\/uploads\/2023\/08\/I-1024x682.jpeg 1024w, https:\/\/idheas.org.mx\/la-esperanza-en-los-campos-de-la-ausencia\/wp-content\/uploads\/2023\/08\/I-300x200.jpeg 300w, https:\/\/idheas.org.mx\/la-esperanza-en-los-campos-de-la-ausencia\/wp-content\/uploads\/2023\/08\/I-768x512.jpeg 768w, https:\/\/idheas.org.mx\/la-esperanza-en-los-campos-de-la-ausencia\/wp-content\/uploads\/2023\/08\/I.jpeg 1280w\" sizes=\"auto, (max-width: 800px) 100vw, 800px\" \/>\t\t\t\t\t\t\t\t\t\t\t\t\t\t\t<\/div>\n\t\t\t\t<\/div>\n\t\t\t\t<div class=\"elementor-element elementor-element-67a2eeaf elementor-widget elementor-widget-text-editor\" data-id=\"67a2eeaf\" data-element_type=\"widget\" data-widget_type=\"text-editor.default\">\n\t\t\t\t<div class=\"elementor-widget-container\">\n\t\t\t\t\t\t\t<p>&#8220;La b\u00fasqueda a m\u00ed me mantiene con una esperanza. Me mantiene, tal vez fuerte, a pesar de la edad, a pesar de la merma que ha venido a causar la p\u00e9rdida de mi hijo&#8221;<\/p><p>-Laura Hern\u00e1ndez<\/p>\t\t\t\t\t\t<\/div>\n\t\t\t\t<\/div>\n\t\t\t\t<div class=\"elementor-element elementor-element-8155d6f elementor-widget elementor-widget-shortcode\" data-id=\"8155d6f\" data-element_type=\"widget\" data-widget_type=\"shortcode.default\">\n\t\t\t\t<div class=\"elementor-widget-container\">\n\t\t\t\t\t<div class=\"elementor-shortcode\">        \r\n    <div>\r\n        <div id=\"h5ap69f207fdd8ff3\" class=\"h5ap_standard_player\" style='width:100%;margin:0 auto;max-width: 100%;'>\r\n            <audio class=\"player\" playsinline  >\r\n                <source src=\"https:\/\/idheas.org.mx\/la-esperanza-en-los-campos-de-la-ausencia\/wp-content\/uploads\/2023\/08\/AUDIO-3.-Laura-Hernandez-Busqueda.mp3\"  type=\"audio\/mp3\" \/>\r\n            <\/audio>\r\n        <\/div>\r\n    <\/div>\r\n\r\n    <\/div>\n\t\t\t\t<\/div>\n\t\t\t\t<\/div>\n\t\t\t\t\t<\/div>\n\t\t<\/div>\n\t\t\t\t<div class=\"elementor-column elementor-col-25 elementor-inner-column elementor-element elementor-element-50ba3d67\" data-id=\"50ba3d67\" data-element_type=\"column\">\n\t\t\t<div class=\"elementor-widget-wrap elementor-element-populated\">\n\t\t\t\t\t\t\t\t<div class=\"elementor-element elementor-element-e3238b0 elementor-widget elementor-widget-image\" data-id=\"e3238b0\" data-element_type=\"widget\" data-widget_type=\"image.default\">\n\t\t\t\t<div class=\"elementor-widget-container\">\n\t\t\t\t\t\t\t\t\t\t\t\t\t\t\t<img loading=\"lazy\" decoding=\"async\" width=\"768\" height=\"1024\" src=\"https:\/\/idheas.org.mx\/la-esperanza-en-los-campos-de-la-ausencia\/wp-content\/uploads\/2023\/08\/J-768x1024.jpg\" class=\"attachment-large size-large wp-image-77\" alt=\"\" srcset=\"https:\/\/idheas.org.mx\/la-esperanza-en-los-campos-de-la-ausencia\/wp-content\/uploads\/2023\/08\/J-768x1024.jpg 768w, https:\/\/idheas.org.mx\/la-esperanza-en-los-campos-de-la-ausencia\/wp-content\/uploads\/2023\/08\/J-225x300.jpg 225w, https:\/\/idheas.org.mx\/la-esperanza-en-los-campos-de-la-ausencia\/wp-content\/uploads\/2023\/08\/J-1152x1536.jpg 1152w, https:\/\/idheas.org.mx\/la-esperanza-en-los-campos-de-la-ausencia\/wp-content\/uploads\/2023\/08\/J.jpg 1200w\" sizes=\"auto, (max-width: 768px) 100vw, 768px\" \/>\t\t\t\t\t\t\t\t\t\t\t\t\t\t\t<\/div>\n\t\t\t\t<\/div>\n\t\t\t\t<div class=\"elementor-element elementor-element-2f92df12 elementor-widget elementor-widget-text-editor\" data-id=\"2f92df12\" data-element_type=\"widget\" data-widget_type=\"text-editor.default\">\n\t\t\t\t<div class=\"elementor-widget-container\">\n\t\t\t\t\t\t\t<p>&#8220;Cuando t\u00fa sales a b\u00fasqueda con los colectivos, algunas mam\u00e1s dicen que nos alconean. Yo creo que nos alconean los buenos y los malos.&#8221;<\/p><p>-Mina Ruiz<\/p>\t\t\t\t\t\t<\/div>\n\t\t\t\t<\/div>\n\t\t\t\t<div class=\"elementor-element elementor-element-6ea9bfa elementor-widget elementor-widget-shortcode\" data-id=\"6ea9bfa\" data-element_type=\"widget\" data-widget_type=\"shortcode.default\">\n\t\t\t\t<div class=\"elementor-widget-container\">\n\t\t\t\t\t<div class=\"elementor-shortcode\">        \r\n    <div>\r\n        <div id=\"h5ap69f207fde3ad5\" class=\"h5ap_standard_player\" style='width:100%;margin:0 auto;max-width: 100%;'>\r\n            <audio class=\"player\" playsinline  >\r\n                <source src=\"https:\/\/idheas.org.mx\/la-esperanza-en-los-campos-de-la-ausencia\/wp-content\/uploads\/2023\/08\/AUDIO-4.-Mina-Ruiz-busqueda.m4a\"  type=\"audio\/mp4\" \/>\r\n            <\/audio>\r\n        <\/div>\r\n    <\/div>\r\n\r\n    <\/div>\n\t\t\t\t<\/div>\n\t\t\t\t<\/div>\n\t\t\t\t\t<\/div>\n\t\t<\/div>\n\t\t\t\t<div class=\"elementor-column elementor-col-25 elementor-inner-column elementor-element elementor-element-57edef99\" data-id=\"57edef99\" data-element_type=\"column\">\n\t\t\t<div class=\"elementor-widget-wrap elementor-element-populated\">\n\t\t\t\t\t\t\t\t<div class=\"elementor-element elementor-element-de185ab elementor-widget elementor-widget-image\" data-id=\"de185ab\" data-element_type=\"widget\" data-widget_type=\"image.default\">\n\t\t\t\t<div class=\"elementor-widget-container\">\n\t\t\t\t\t\t\t\t\t\t\t\t\t\t\t<img loading=\"lazy\" decoding=\"async\" width=\"683\" height=\"1024\" src=\"https:\/\/idheas.org.mx\/la-esperanza-en-los-campos-de-la-ausencia\/wp-content\/uploads\/2023\/08\/K-683x1024.jpg\" class=\"attachment-large size-large wp-image-78\" alt=\"\" srcset=\"https:\/\/idheas.org.mx\/la-esperanza-en-los-campos-de-la-ausencia\/wp-content\/uploads\/2023\/08\/K-683x1024.jpg 683w, https:\/\/idheas.org.mx\/la-esperanza-en-los-campos-de-la-ausencia\/wp-content\/uploads\/2023\/08\/K-200x300.jpg 200w, https:\/\/idheas.org.mx\/la-esperanza-en-los-campos-de-la-ausencia\/wp-content\/uploads\/2023\/08\/K-768x1151.jpg 768w, https:\/\/idheas.org.mx\/la-esperanza-en-los-campos-de-la-ausencia\/wp-content\/uploads\/2023\/08\/K.jpg 854w\" sizes=\"auto, (max-width: 683px) 100vw, 683px\" \/>\t\t\t\t\t\t\t\t\t\t\t\t\t\t\t<\/div>\n\t\t\t\t<\/div>\n\t\t\t\t<div class=\"elementor-element elementor-element-4034abe9 elementor-widget elementor-widget-text-editor\" data-id=\"4034abe9\" data-element_type=\"widget\" data-widget_type=\"text-editor.default\">\n\t\t\t\t<div class=\"elementor-widget-container\">\n\t\t\t\t\t\t\t<p>&#8220;Si me emociona el ir, porque s\u00e9 que vamos a encontrar y s\u00e9 que alguien va a regresar o muchos van a regresar a sus casas&#8221;<\/p><p>-Emma Mora<\/p>\t\t\t\t\t\t<\/div>\n\t\t\t\t<\/div>\n\t\t\t\t<div class=\"elementor-element elementor-element-35403c0 elementor-widget elementor-widget-shortcode\" data-id=\"35403c0\" data-element_type=\"widget\" data-widget_type=\"shortcode.default\">\n\t\t\t\t<div class=\"elementor-widget-container\">\n\t\t\t\t\t<div class=\"elementor-shortcode\">        \r\n    <div>\r\n        <div id=\"h5ap69f207fdeebdc\" class=\"h5ap_standard_player\" style='width:100%;margin:0 auto;max-width: 100%;'>\r\n            <audio class=\"player\" playsinline  >\r\n                <source src=\"https:\/\/idheas.org.mx\/la-esperanza-en-los-campos-de-la-ausencia\/wp-content\/uploads\/2023\/08\/AUDIO-5.-Emma-Mora-Busqueda.m4a\"  type=\"audio\/mp4\" \/>\r\n            <\/audio>\r\n        <\/div>\r\n    <\/div>\r\n\r\n    <\/div>\n\t\t\t\t<\/div>\n\t\t\t\t<\/div>\n\t\t\t\t\t<\/div>\n\t\t<\/div>\n\t\t\t\t<div class=\"elementor-column elementor-col-25 elementor-inner-column elementor-element elementor-element-21696393\" data-id=\"21696393\" data-element_type=\"column\">\n\t\t\t<div class=\"elementor-widget-wrap elementor-element-populated\">\n\t\t\t\t\t\t\t\t<div class=\"elementor-element elementor-element-482a2bcc elementor-widget elementor-widget-image\" data-id=\"482a2bcc\" data-element_type=\"widget\" data-widget_type=\"image.default\">\n\t\t\t\t<div class=\"elementor-widget-container\">\n\t\t\t\t\t\t\t\t\t\t\t\t\t\t\t<img loading=\"lazy\" decoding=\"async\" width=\"800\" height=\"533\" src=\"https:\/\/idheas.org.mx\/la-esperanza-en-los-campos-de-la-ausencia\/wp-content\/uploads\/2023\/08\/L-1024x682.jpeg\" class=\"attachment-large size-large wp-image-79\" alt=\"\" srcset=\"https:\/\/idheas.org.mx\/la-esperanza-en-los-campos-de-la-ausencia\/wp-content\/uploads\/2023\/08\/L-1024x682.jpeg 1024w, https:\/\/idheas.org.mx\/la-esperanza-en-los-campos-de-la-ausencia\/wp-content\/uploads\/2023\/08\/L-300x200.jpeg 300w, https:\/\/idheas.org.mx\/la-esperanza-en-los-campos-de-la-ausencia\/wp-content\/uploads\/2023\/08\/L-768x512.jpeg 768w, https:\/\/idheas.org.mx\/la-esperanza-en-los-campos-de-la-ausencia\/wp-content\/uploads\/2023\/08\/L.jpeg 1280w\" sizes=\"auto, (max-width: 800px) 100vw, 800px\" \/>\t\t\t\t\t\t\t\t\t\t\t\t\t\t\t<\/div>\n\t\t\t\t<\/div>\n\t\t\t\t<div class=\"elementor-element elementor-element-4ca1a76 elementor-widget elementor-widget-text-editor\" data-id=\"4ca1a76\" data-element_type=\"widget\" data-widget_type=\"text-editor.default\">\n\t\t\t\t<div class=\"elementor-widget-container\">\n\t\t\t\t\t\t\t<p>&#8220;Y vacilamos, nos hacemos ameno el d\u00eda. Pero cuando da positivo y cuando empieza una recuperaci\u00f3n, el mundo cay\u00f3. &#8220;<\/p><p>-Araceli Salcedo<\/p>\t\t\t\t\t\t<\/div>\n\t\t\t\t<\/div>\n\t\t\t\t<div class=\"elementor-element elementor-element-26efc45 elementor-widget elementor-widget-shortcode\" data-id=\"26efc45\" data-element_type=\"widget\" data-widget_type=\"shortcode.default\">\n\t\t\t\t<div class=\"elementor-widget-container\">\n\t\t\t\t\t<div class=\"elementor-shortcode\">        \r\n    <div>\r\n        <div id=\"h5ap69f207fe05f08\" class=\"h5ap_standard_player\" style='width:100%;margin:0 auto;max-width: 100%;'>\r\n            <audio class=\"player\" playsinline  >\r\n                <source src=\"https:\/\/idheas.org.mx\/la-esperanza-en-los-campos-de-la-ausencia\/wp-content\/uploads\/2023\/08\/AUDIO-6.-Araceli-Salcedo-Busqueda.m4a\"  type=\"audio\/mp4\" \/>\r\n            <\/audio>\r\n        <\/div>\r\n    <\/div>\r\n\r\n    <\/div>\n\t\t\t\t<\/div>\n\t\t\t\t<\/div>\n\t\t\t\t\t<\/div>\n\t\t<\/div>\n\t\t\t\t\t\t\t<\/div>\n\t\t<\/section>\n\t\t\t\t\t<\/div>\n\t\t<\/div>\n\t\t\t\t\t\t\t<\/div>\n\t\t<\/section>\n\t\t\t\t<section class=\"elementor-section elementor-top-section elementor-element elementor-element-593103f elementor-section-full_width elementor-section-height-default elementor-section-height-default wpr-particle-no wpr-jarallax-no wpr-parallax-no wpr-sticky-section-no\" data-id=\"593103f\" data-element_type=\"section\" id=\"memoria\" data-settings=\"{&quot;_ha_eqh_enable&quot;:false}\">\n\t\t\t\t\t\t\t<div class=\"elementor-background-overlay\"><\/div>\n\t\t\t\t\t\t\t<div class=\"elementor-container elementor-column-gap-wide\">\n\t\t\t\t\t<div class=\"elementor-column elementor-col-33 elementor-top-column elementor-element elementor-element-4ceafa4\" data-id=\"4ceafa4\" data-element_type=\"column\">\n\t\t\t<div class=\"elementor-widget-wrap elementor-element-populated\">\n\t\t\t\t\t\t\t\t<div class=\"elementor-element elementor-element-9f087af elementor-widget elementor-widget-image\" data-id=\"9f087af\" data-element_type=\"widget\" data-widget_type=\"image.default\">\n\t\t\t\t<div class=\"elementor-widget-container\">\n\t\t\t\t\t\t\t\t\t\t\t\t\t\t\t<img loading=\"lazy\" decoding=\"async\" width=\"612\" height=\"792\" src=\"https:\/\/idheas.org.mx\/la-esperanza-en-los-campos-de-la-ausencia\/wp-content\/uploads\/2023\/08\/M.jpg\" class=\"attachment-large size-large wp-image-87\" alt=\"\" srcset=\"https:\/\/idheas.org.mx\/la-esperanza-en-los-campos-de-la-ausencia\/wp-content\/uploads\/2023\/08\/M.jpg 612w, https:\/\/idheas.org.mx\/la-esperanza-en-los-campos-de-la-ausencia\/wp-content\/uploads\/2023\/08\/M-232x300.jpg 232w\" sizes=\"auto, (max-width: 612px) 100vw, 612px\" \/>\t\t\t\t\t\t\t\t\t\t\t\t\t\t\t<\/div>\n\t\t\t\t<\/div>\n\t\t\t\t\t<\/div>\n\t\t<\/div>\n\t\t\t\t<div class=\"elementor-column elementor-col-33 elementor-top-column elementor-element elementor-element-3232cfde\" data-id=\"3232cfde\" data-element_type=\"column\">\n\t\t\t<div class=\"elementor-widget-wrap elementor-element-populated\">\n\t\t\t\t\t\t\t\t<div class=\"elementor-element elementor-element-36c972ed elementor-widget elementor-widget-heading\" data-id=\"36c972ed\" data-element_type=\"widget\" data-widget_type=\"heading.default\">\n\t\t\t\t<div class=\"elementor-widget-container\">\n\t\t\t<h2 class=\"elementor-heading-title elementor-size-default\">Memoria<\/h2>\t\t<\/div>\n\t\t\t\t<\/div>\n\t\t\t\t<div class=\"elementor-element elementor-element-3abd63e elementor-widget-divider--view-line elementor-widget elementor-widget-divider\" data-id=\"3abd63e\" data-element_type=\"widget\" data-widget_type=\"divider.default\">\n\t\t\t\t<div class=\"elementor-widget-container\">\n\t\t\t\t\t<div class=\"elementor-divider\">\n\t\t\t<span class=\"elementor-divider-separator\">\n\t\t\t\t\t\t<\/span>\n\t\t<\/div>\n\t\t\t\t<\/div>\n\t\t\t\t<\/div>\n\t\t\t\t<div class=\"elementor-element elementor-element-1d627a04 elementor-widget elementor-widget-text-editor\" data-id=\"1d627a04\" data-element_type=\"widget\" data-widget_type=\"text-editor.default\">\n\t\t\t\t<div class=\"elementor-widget-container\">\n\t\t\t\t\t\t\t<p>Al grito de \u201cporque una madre nunca olvida y la lucha por un hijo no termina\u201d,<\/p>\t\t\t\t\t\t<\/div>\n\t\t\t\t<\/div>\n\t\t\t\t<div class=\"elementor-element elementor-element-ea5476e elementor-widget elementor-widget-text-editor\" data-id=\"ea5476e\" data-element_type=\"widget\" data-widget_type=\"text-editor.default\">\n\t\t\t\t<div class=\"elementor-widget-container\">\n\t\t\t\t\t\t\t<p>&#8220;Por lo menos yo ahora voy y me siento en esa tumba y hago lo que hac\u00edamos en vida.&#8221;<\/p><p>-Mayra Gonz\u00e1lez<\/p>\t\t\t\t\t\t<\/div>\n\t\t\t\t<\/div>\n\t\t\t\t<div class=\"elementor-element elementor-element-5308dea elementor-widget elementor-widget-shortcode\" data-id=\"5308dea\" data-element_type=\"widget\" data-widget_type=\"shortcode.default\">\n\t\t\t\t<div class=\"elementor-widget-container\">\n\t\t\t\t\t<div class=\"elementor-shortcode\">        \r\n    <div>\r\n        <div id=\"h5ap69f207fe1d513\" class=\"h5ap_standard_player\" style='width:100%;margin:0 auto;max-width: 100%;'>\r\n            <audio class=\"player\" playsinline  >\r\n                <source src=\"https:\/\/idheas.org.mx\/la-esperanza-en-los-campos-de-la-ausencia\/wp-content\/uploads\/2023\/08\/AUDIO-7.-Mayra-Gonzalez-Memoria.m4a\"  type=\"audio\/mp4\" \/>\r\n            <\/audio>\r\n        <\/div>\r\n    <\/div>\r\n\r\n    <\/div>\n\t\t\t\t<\/div>\n\t\t\t\t<\/div>\n\t\t\t\t<div class=\"elementor-element elementor-element-e70a7c5 elementor-widget elementor-widget-text-editor\" data-id=\"e70a7c5\" data-element_type=\"widget\" data-widget_type=\"text-editor.default\">\n\t\t\t\t<div class=\"elementor-widget-container\">\n\t\t\t\t\t\t\t<p>&#8220;La memoria de un hijo pesa mucho, pesa mucho, pero me quedo con la garra que ella ten\u00eda, la fuerza, su desinter\u00e9s de no ser una mujer cerrada, dejada.&#8221;<\/p><p>-Sandra Luz<\/p>\t\t\t\t\t\t<\/div>\n\t\t\t\t<\/div>\n\t\t\t\t<div class=\"elementor-element elementor-element-be9cc48 elementor-widget elementor-widget-shortcode\" data-id=\"be9cc48\" data-element_type=\"widget\" data-widget_type=\"shortcode.default\">\n\t\t\t\t<div class=\"elementor-widget-container\">\n\t\t\t\t\t<div class=\"elementor-shortcode\">        \r\n    <div>\r\n        <div id=\"h5ap69f207fe23f8b\" class=\"h5ap_standard_player\" style='width:100%;margin:0 auto;max-width: 100%;'>\r\n            <audio class=\"player\" playsinline  >\r\n                <source src=\"https:\/\/idheas.org.mx\/la-esperanza-en-los-campos-de-la-ausencia\/wp-content\/uploads\/2023\/08\/AUDIO-8.-Sandra-Luz-Memoria.m4a\"  type=\"audio\/mp4\" \/>\r\n            <\/audio>\r\n        <\/div>\r\n    <\/div>\r\n\r\n    <\/div>\n\t\t\t\t<\/div>\n\t\t\t\t<\/div>\n\t\t\t\t<div class=\"elementor-element elementor-element-ad9365d elementor-widget elementor-widget-text-editor\" data-id=\"ad9365d\" data-element_type=\"widget\" data-widget_type=\"text-editor.default\">\n\t\t\t\t<div class=\"elementor-widget-container\">\n\t\t\t\t\t\t\t<p>&#8220;&#8230; hay momentos en que volteo y me parece que alguien me est\u00e1 espiando y veo y es su fotograf\u00eda \u2026\u201d<\/p><p>-Laura Hern\u00e1ndez<\/p>\t\t\t\t\t\t<\/div>\n\t\t\t\t<\/div>\n\t\t\t\t<div class=\"elementor-element elementor-element-f864b79 elementor-widget elementor-widget-shortcode\" data-id=\"f864b79\" data-element_type=\"widget\" data-widget_type=\"shortcode.default\">\n\t\t\t\t<div class=\"elementor-widget-container\">\n\t\t\t\t\t<div class=\"elementor-shortcode\">        \r\n    <div>\r\n        <div id=\"h5ap69f207fe2abf4\" class=\"h5ap_standard_player\" style='width:100%;margin:0 auto;max-width: 100%;'>\r\n            <audio class=\"player\" playsinline  >\r\n                <source src=\"https:\/\/idheas.org.mx\/la-esperanza-en-los-campos-de-la-ausencia\/wp-content\/uploads\/2023\/08\/AUDIO-9.-Laura-Hernandez-Memoria.m4a\"  type=\"audio\/mp4\" \/>\r\n            <\/audio>\r\n        <\/div>\r\n    <\/div>\r\n\r\n    <\/div>\n\t\t\t\t<\/div>\n\t\t\t\t<\/div>\n\t\t\t\t\t<\/div>\n\t\t<\/div>\n\t\t\t\t<div class=\"elementor-column elementor-col-33 elementor-top-column elementor-element elementor-element-724b5806 elementor-hidden-tablet elementor-hidden-mobile\" data-id=\"724b5806\" data-element_type=\"column\">\n\t\t\t<div class=\"elementor-widget-wrap\">\n\t\t\t\t\t\t\t\t\t<\/div>\n\t\t<\/div>\n\t\t\t\t\t\t\t<\/div>\n\t\t<\/section>\n\t\t\t\t<section class=\"elementor-section elementor-top-section elementor-element elementor-element-493333e2 elementor-section-boxed elementor-section-height-default elementor-section-height-default wpr-particle-no wpr-jarallax-no wpr-parallax-no wpr-sticky-section-no\" data-id=\"493333e2\" data-element_type=\"section\" id=\"protesta\" data-settings=\"{&quot;_ha_eqh_enable&quot;:false}\">\n\t\t\t\t\t\t\t<div class=\"elementor-background-overlay\"><\/div>\n\t\t\t\t\t\t\t<div class=\"elementor-container elementor-column-gap-default\">\n\t\t\t\t\t<div class=\"elementor-column elementor-col-100 elementor-top-column elementor-element elementor-element-b977958\" data-id=\"b977958\" data-element_type=\"column\">\n\t\t\t<div class=\"elementor-widget-wrap elementor-element-populated\">\n\t\t\t\t\t\t\t\t<div class=\"elementor-element elementor-element-70a8c3e9 elementor-widget elementor-widget-heading\" data-id=\"70a8c3e9\" data-element_type=\"widget\" data-widget_type=\"heading.default\">\n\t\t\t\t<div class=\"elementor-widget-container\">\n\t\t\t<h2 class=\"elementor-heading-title elementor-size-default\">Protesta<\/h2>\t\t<\/div>\n\t\t\t\t<\/div>\n\t\t\t\t<div class=\"elementor-element elementor-element-25847921 elementor-widget elementor-widget-text-editor\" data-id=\"25847921\" data-element_type=\"widget\" data-widget_type=\"text-editor.default\">\n\t\t\t\t<div class=\"elementor-widget-container\">\n\t\t\t\t\t\t\t<p>Es as\u00ed que en la protesta de las y los familiares de desaparecidos convergen demandas y<\/p><p>significados comunes, aunque surgidos de experiencias propias y sentires diferentes.<\/p>\t\t\t\t\t\t<\/div>\n\t\t\t\t<\/div>\n\t\t\t\t<section class=\"elementor-section elementor-inner-section elementor-element elementor-element-63abc8f elementor-section-boxed elementor-section-height-default elementor-section-height-default wpr-particle-no wpr-jarallax-no wpr-parallax-no wpr-sticky-section-no\" data-id=\"63abc8f\" data-element_type=\"section\" data-settings=\"{&quot;_ha_eqh_enable&quot;:false}\">\n\t\t\t\t\t\t<div class=\"elementor-container elementor-column-gap-default\">\n\t\t\t\t\t<div class=\"elementor-column elementor-col-33 elementor-inner-column elementor-element elementor-element-a158b24\" data-id=\"a158b24\" data-element_type=\"column\">\n\t\t\t<div class=\"elementor-widget-wrap elementor-element-populated\">\n\t\t\t\t\t\t\t\t<div class=\"elementor-element elementor-element-c3cee7d elementor-widget elementor-widget-image\" data-id=\"c3cee7d\" data-element_type=\"widget\" data-widget_type=\"image.default\">\n\t\t\t\t<div class=\"elementor-widget-container\">\n\t\t\t\t\t\t\t\t\t\t\t\t\t\t\t<img loading=\"lazy\" decoding=\"async\" width=\"800\" height=\"450\" src=\"https:\/\/idheas.org.mx\/la-esperanza-en-los-campos-de-la-ausencia\/wp-content\/uploads\/2023\/08\/O-1024x576.jpeg\" class=\"attachment-large size-large wp-image-94\" alt=\"\" srcset=\"https:\/\/idheas.org.mx\/la-esperanza-en-los-campos-de-la-ausencia\/wp-content\/uploads\/2023\/08\/O-1024x576.jpeg 1024w, https:\/\/idheas.org.mx\/la-esperanza-en-los-campos-de-la-ausencia\/wp-content\/uploads\/2023\/08\/O-300x169.jpeg 300w, https:\/\/idheas.org.mx\/la-esperanza-en-los-campos-de-la-ausencia\/wp-content\/uploads\/2023\/08\/O-768x432.jpeg 768w, https:\/\/idheas.org.mx\/la-esperanza-en-los-campos-de-la-ausencia\/wp-content\/uploads\/2023\/08\/O.jpeg 1080w\" sizes=\"auto, (max-width: 800px) 100vw, 800px\" \/>\t\t\t\t\t\t\t\t\t\t\t\t\t\t\t<\/div>\n\t\t\t\t<\/div>\n\t\t\t\t\t<\/div>\n\t\t<\/div>\n\t\t\t\t<div class=\"elementor-column elementor-col-33 elementor-inner-column elementor-element elementor-element-6901eab\" data-id=\"6901eab\" data-element_type=\"column\">\n\t\t\t<div class=\"elementor-widget-wrap elementor-element-populated\">\n\t\t\t\t\t\t\t\t<div class=\"elementor-element elementor-element-c292f8a elementor-widget elementor-widget-text-editor\" data-id=\"c292f8a\" data-element_type=\"widget\" data-widget_type=\"text-editor.default\">\n\t\t\t\t<div class=\"elementor-widget-container\">\n\t\t\t\t\t\t\t<p>&#8220;Hacemos nuestra marcha presentando las fotograf\u00edas de las mamis que ya no est\u00e1n con nosotros, que se fueron sin saber d\u00f3nde est\u00e1n sus hijos y haciendo visibilizar ante la sociedad indolente&#8221;<\/p><p>-Emma Mora<\/p>\t\t\t\t\t\t<\/div>\n\t\t\t\t<\/div>\n\t\t\t\t<div class=\"elementor-element elementor-element-53df723 elementor-widget elementor-widget-shortcode\" data-id=\"53df723\" data-element_type=\"widget\" data-widget_type=\"shortcode.default\">\n\t\t\t\t<div class=\"elementor-widget-container\">\n\t\t\t\t\t<div class=\"elementor-shortcode\">        \r\n    <div>\r\n        <div id=\"h5ap69f207fe41b85\" class=\"h5ap_standard_player\" style='width:100%;margin:0 auto;max-width: 100%;'>\r\n            <audio class=\"player\" playsinline  >\r\n                <source src=\"https:\/\/idheas.org.mx\/la-esperanza-en-los-campos-de-la-ausencia\/wp-content\/uploads\/2023\/08\/AUDIO-10.-Emma-Mora-Protesta.m4a\"  type=\"audio\/mp4\" \/>\r\n            <\/audio>\r\n        <\/div>\r\n    <\/div>\r\n\r\n    <\/div>\n\t\t\t\t<\/div>\n\t\t\t\t<\/div>\n\t\t\t\t\t<\/div>\n\t\t<\/div>\n\t\t\t\t<div class=\"elementor-column elementor-col-33 elementor-inner-column elementor-element elementor-element-890daed\" data-id=\"890daed\" data-element_type=\"column\">\n\t\t\t<div class=\"elementor-widget-wrap elementor-element-populated\">\n\t\t\t\t\t\t\t\t<div class=\"elementor-element elementor-element-e8d64ba elementor-widget elementor-widget-image\" data-id=\"e8d64ba\" data-element_type=\"widget\" data-widget_type=\"image.default\">\n\t\t\t\t<div class=\"elementor-widget-container\">\n\t\t\t\t\t\t\t\t\t\t\t\t\t\t\t<img loading=\"lazy\" decoding=\"async\" width=\"800\" height=\"533\" src=\"https:\/\/idheas.org.mx\/la-esperanza-en-los-campos-de-la-ausencia\/wp-content\/uploads\/2023\/08\/P-1024x682.jpeg\" class=\"attachment-large size-large wp-image-95\" alt=\"\" srcset=\"https:\/\/idheas.org.mx\/la-esperanza-en-los-campos-de-la-ausencia\/wp-content\/uploads\/2023\/08\/P-1024x682.jpeg 1024w, https:\/\/idheas.org.mx\/la-esperanza-en-los-campos-de-la-ausencia\/wp-content\/uploads\/2023\/08\/P-300x200.jpeg 300w, https:\/\/idheas.org.mx\/la-esperanza-en-los-campos-de-la-ausencia\/wp-content\/uploads\/2023\/08\/P-768x512.jpeg 768w, https:\/\/idheas.org.mx\/la-esperanza-en-los-campos-de-la-ausencia\/wp-content\/uploads\/2023\/08\/P-1536x1023.jpeg 1536w, https:\/\/idheas.org.mx\/la-esperanza-en-los-campos-de-la-ausencia\/wp-content\/uploads\/2023\/08\/P.jpeg 1600w\" sizes=\"auto, (max-width: 800px) 100vw, 800px\" \/>\t\t\t\t\t\t\t\t\t\t\t\t\t\t\t<\/div>\n\t\t\t\t<\/div>\n\t\t\t\t\t<\/div>\n\t\t<\/div>\n\t\t\t\t\t\t\t<\/div>\n\t\t<\/section>\n\t\t\t\t<section class=\"elementor-section elementor-inner-section elementor-element elementor-element-7875aa5 elementor-section-boxed elementor-section-height-default elementor-section-height-default wpr-particle-no wpr-jarallax-no wpr-parallax-no wpr-sticky-section-no\" data-id=\"7875aa5\" data-element_type=\"section\" data-settings=\"{&quot;_ha_eqh_enable&quot;:false}\">\n\t\t\t\t\t\t<div class=\"elementor-container elementor-column-gap-default\">\n\t\t\t\t\t<div class=\"elementor-column elementor-col-33 elementor-inner-column elementor-element elementor-element-4ecd561\" data-id=\"4ecd561\" data-element_type=\"column\">\n\t\t\t<div class=\"elementor-widget-wrap elementor-element-populated\">\n\t\t\t\t\t\t\t\t<div class=\"elementor-element elementor-element-1ec5ba5 elementor-widget elementor-widget-image\" data-id=\"1ec5ba5\" data-element_type=\"widget\" data-widget_type=\"image.default\">\n\t\t\t\t<div class=\"elementor-widget-container\">\n\t\t\t\t\t\t\t\t\t\t\t\t\t\t\t<img loading=\"lazy\" decoding=\"async\" width=\"800\" height=\"439\" src=\"https:\/\/idheas.org.mx\/la-esperanza-en-los-campos-de-la-ausencia\/wp-content\/uploads\/2023\/09\/Frase-P-8-1024x562.png\" class=\"attachment-large size-large wp-image-139\" alt=\"\" srcset=\"https:\/\/idheas.org.mx\/la-esperanza-en-los-campos-de-la-ausencia\/wp-content\/uploads\/2023\/09\/Frase-P-8-1024x562.png 1024w, https:\/\/idheas.org.mx\/la-esperanza-en-los-campos-de-la-ausencia\/wp-content\/uploads\/2023\/09\/Frase-P-8-300x165.png 300w, https:\/\/idheas.org.mx\/la-esperanza-en-los-campos-de-la-ausencia\/wp-content\/uploads\/2023\/09\/Frase-P-8-768x422.png 768w, https:\/\/idheas.org.mx\/la-esperanza-en-los-campos-de-la-ausencia\/wp-content\/uploads\/2023\/09\/Frase-P-8-1536x844.png 1536w, https:\/\/idheas.org.mx\/la-esperanza-en-los-campos-de-la-ausencia\/wp-content\/uploads\/2023\/09\/Frase-P-8-2048x1125.png 2048w\" sizes=\"auto, (max-width: 800px) 100vw, 800px\" \/>\t\t\t\t\t\t\t\t\t\t\t\t\t\t\t<\/div>\n\t\t\t\t<\/div>\n\t\t\t\t\t<\/div>\n\t\t<\/div>\n\t\t\t\t<div class=\"elementor-column elementor-col-33 elementor-inner-column elementor-element elementor-element-dd01b9d\" data-id=\"dd01b9d\" data-element_type=\"column\">\n\t\t\t<div class=\"elementor-widget-wrap elementor-element-populated\">\n\t\t\t\t\t\t\t\t<div class=\"elementor-element elementor-element-32d8a89 elementor-widget elementor-widget-text-editor\" data-id=\"32d8a89\" data-element_type=\"widget\" data-widget_type=\"text-editor.default\">\n\t\t\t\t<div class=\"elementor-widget-container\">\n\t\t\t\t\t\t\t<p>&#8220;Yo siempre he dicho, voy a morir, pero buscando a los familiares, yo creo que no todas las personas damos la vida por ellos, pero algunas no nos importa nuestra vida.&#8221;<\/p><p>-Sandra Luz<\/p>\t\t\t\t\t\t<\/div>\n\t\t\t\t<\/div>\n\t\t\t\t<div class=\"elementor-element elementor-element-84cb0c9 elementor-widget elementor-widget-shortcode\" data-id=\"84cb0c9\" data-element_type=\"widget\" data-widget_type=\"shortcode.default\">\n\t\t\t\t<div class=\"elementor-widget-container\">\n\t\t\t\t\t<div class=\"elementor-shortcode\">        \r\n    <div>\r\n        <div id=\"h5ap69f207fe534e4\" class=\"h5ap_standard_player\" style='width:100%;margin:0 auto;max-width: 100%;'>\r\n            <audio class=\"player\" playsinline  >\r\n                <source src=\"https:\/\/idheas.org.mx\/la-esperanza-en-los-campos-de-la-ausencia\/wp-content\/uploads\/2023\/08\/AUDIO-11.-Sandra-Luz-protesta.m4a\"  type=\"audio\/mp4\" \/>\r\n            <\/audio>\r\n        <\/div>\r\n    <\/div>\r\n\r\n    <\/div>\n\t\t\t\t<\/div>\n\t\t\t\t<\/div>\n\t\t\t\t\t<\/div>\n\t\t<\/div>\n\t\t\t\t<div class=\"elementor-column elementor-col-33 elementor-inner-column elementor-element elementor-element-b5411c4\" data-id=\"b5411c4\" data-element_type=\"column\">\n\t\t\t<div class=\"elementor-widget-wrap elementor-element-populated\">\n\t\t\t\t\t\t\t\t<div class=\"elementor-element elementor-element-b942227 elementor-widget elementor-widget-image\" data-id=\"b942227\" data-element_type=\"widget\" data-widget_type=\"image.default\">\n\t\t\t\t<div class=\"elementor-widget-container\">\n\t\t\t\t\t\t\t\t\t\t\t\t\t\t\t<img loading=\"lazy\" decoding=\"async\" width=\"800\" height=\"472\" src=\"https:\/\/idheas.org.mx\/la-esperanza-en-los-campos-de-la-ausencia\/wp-content\/uploads\/2023\/08\/Q.jpeg\" class=\"attachment-large size-large wp-image-96\" alt=\"\" srcset=\"https:\/\/idheas.org.mx\/la-esperanza-en-los-campos-de-la-ausencia\/wp-content\/uploads\/2023\/08\/Q.jpeg 903w, https:\/\/idheas.org.mx\/la-esperanza-en-los-campos-de-la-ausencia\/wp-content\/uploads\/2023\/08\/Q-300x177.jpeg 300w, https:\/\/idheas.org.mx\/la-esperanza-en-los-campos-de-la-ausencia\/wp-content\/uploads\/2023\/08\/Q-768x453.jpeg 768w\" sizes=\"auto, (max-width: 800px) 100vw, 800px\" \/>\t\t\t\t\t\t\t\t\t\t\t\t\t\t\t<\/div>\n\t\t\t\t<\/div>\n\t\t\t\t\t<\/div>\n\t\t<\/div>\n\t\t\t\t\t\t\t<\/div>\n\t\t<\/section>\n\t\t\t\t\t<\/div>\n\t\t<\/div>\n\t\t\t\t\t\t\t<\/div>\n\t\t<\/section>\n\t\t\t\t<section class=\"elementor-section elementor-top-section elementor-element elementor-element-64527cbf elementor-section-boxed elementor-section-height-default elementor-section-height-default wpr-particle-no wpr-jarallax-no wpr-parallax-no wpr-sticky-section-no\" data-id=\"64527cbf\" data-element_type=\"section\" data-settings=\"{&quot;_ha_eqh_enable&quot;:false}\">\n\t\t\t\t\t\t<div class=\"elementor-container elementor-column-gap-default\">\n\t\t\t\t\t<div class=\"elementor-column elementor-col-100 elementor-top-column elementor-element elementor-element-3572a344\" data-id=\"3572a344\" data-element_type=\"column\" data-settings=\"{&quot;background_background&quot;:&quot;classic&quot;}\">\n\t\t\t<div class=\"elementor-widget-wrap elementor-element-populated\">\n\t\t\t\t\t<div class=\"elementor-background-overlay\"><\/div>\n\t\t\t\t\t\t\t\t<div class=\"elementor-element elementor-element-18ca8575 elementor-widget-divider--view-line elementor-widget elementor-widget-divider\" data-id=\"18ca8575\" data-element_type=\"widget\" data-widget_type=\"divider.default\">\n\t\t\t\t<div class=\"elementor-widget-container\">\n\t\t\t\t\t<div class=\"elementor-divider\">\n\t\t\t<span class=\"elementor-divider-separator\">\n\t\t\t\t\t\t<\/span>\n\t\t<\/div>\n\t\t\t\t<\/div>\n\t\t\t\t<\/div>\n\t\t\t\t<div class=\"elementor-element elementor-element-319a6ebc elementor-widget elementor-widget-text-editor\" data-id=\"319a6ebc\" data-element_type=\"widget\" data-widget_type=\"text-editor.default\">\n\t\t\t\t<div class=\"elementor-widget-container\">\n\t\t\t\t\t\t\t<p>Esta actividad se realiz\u00f3 en el marco del proyecto \u201cContribuyendo con familiares de v\u00edctimas y colectivos a la prevenci\u00f3n, b\u00fasqueda, identificaci\u00f3n, atenci\u00f3n a familiares e investigaci\u00f3n de casos de desaparici\u00f3n y desaparici\u00f3n forzada en M\u00e9xico\u201d financiado por la Uni\u00f3n Europea y ejecutado por Idheas Litigio Estrat\u00e9gico en Derechos Humanos AC (IDHEAS) en colaboraci\u00f3n con la Federaci\u00f3n Internacional de Derechos Humanos (FIDH) y el Equipo Mexicano de Antropolog\u00eda Forense A.C. (EMAF). El contenido de este documento es responsabilidad exclusiva de IDHEAS. Litigio estrat\u00e9gico en derechos humanos A.C. y no necesariamente refleja los puntos de vista de la Uni\u00f3n Europea.<\/p>\t\t\t\t\t\t<\/div>\n\t\t\t\t<\/div>\n\t\t\t\t<section class=\"elementor-section elementor-inner-section elementor-element elementor-element-5df8cccb elementor-section-boxed elementor-section-height-default elementor-section-height-default wpr-particle-no wpr-jarallax-no wpr-parallax-no wpr-sticky-section-no\" data-id=\"5df8cccb\" data-element_type=\"section\" data-settings=\"{&quot;_ha_eqh_enable&quot;:false}\">\n\t\t\t\t\t\t<div class=\"elementor-container elementor-column-gap-default\">\n\t\t\t\t\t<div class=\"elementor-column elementor-col-50 elementor-inner-column elementor-element elementor-element-4e2b17a5\" data-id=\"4e2b17a5\" data-element_type=\"column\">\n\t\t\t<div class=\"elementor-widget-wrap elementor-element-populated\">\n\t\t\t\t\t\t\t\t<div class=\"elementor-element elementor-element-fd7a150 elementor-widget elementor-widget-image\" data-id=\"fd7a150\" data-element_type=\"widget\" data-widget_type=\"image.default\">\n\t\t\t\t<div class=\"elementor-widget-container\">\n\t\t\t\t\t\t\t\t\t\t\t\t\t\t\t<img loading=\"lazy\" decoding=\"async\" width=\"781\" height=\"313\" src=\"https:\/\/idheas.org.mx\/la-esperanza-en-los-campos-de-la-ausencia\/wp-content\/uploads\/2023\/08\/id-idheas.png\" class=\"attachment-large size-large wp-image-7\" alt=\"\" srcset=\"https:\/\/idheas.org.mx\/la-esperanza-en-los-campos-de-la-ausencia\/wp-content\/uploads\/2023\/08\/id-idheas.png 781w, https:\/\/idheas.org.mx\/la-esperanza-en-los-campos-de-la-ausencia\/wp-content\/uploads\/2023\/08\/id-idheas-300x120.png 300w, https:\/\/idheas.org.mx\/la-esperanza-en-los-campos-de-la-ausencia\/wp-content\/uploads\/2023\/08\/id-idheas-768x308.png 768w\" sizes=\"auto, (max-width: 781px) 100vw, 781px\" \/>\t\t\t\t\t\t\t\t\t\t\t\t\t\t\t<\/div>\n\t\t\t\t<\/div>\n\t\t\t\t\t<\/div>\n\t\t<\/div>\n\t\t\t\t<div class=\"elementor-column elementor-col-50 elementor-inner-column elementor-element elementor-element-68b261d\" data-id=\"68b261d\" data-element_type=\"column\">\n\t\t\t<div class=\"elementor-widget-wrap elementor-element-populated\">\n\t\t\t\t\t\t\t\t<div class=\"elementor-element elementor-element-68d8687 elementor-widget elementor-widget-image\" data-id=\"68d8687\" data-element_type=\"widget\" data-widget_type=\"image.default\">\n\t\t\t\t<div class=\"elementor-widget-container\">\n\t\t\t\t\t\t\t\t\t\t\t\t\t\t\t<img loading=\"lazy\" decoding=\"async\" width=\"800\" height=\"195\" src=\"https:\/\/idheas.org.mx\/la-esperanza-en-los-campos-de-la-ausencia\/wp-content\/uploads\/2023\/08\/UNION-EUROPEA-1024x249.png\" class=\"attachment-large size-large wp-image-106\" alt=\"\" srcset=\"https:\/\/idheas.org.mx\/la-esperanza-en-los-campos-de-la-ausencia\/wp-content\/uploads\/2023\/08\/UNION-EUROPEA-1024x249.png 1024w, https:\/\/idheas.org.mx\/la-esperanza-en-los-campos-de-la-ausencia\/wp-content\/uploads\/2023\/08\/UNION-EUROPEA-300x73.png 300w, https:\/\/idheas.org.mx\/la-esperanza-en-los-campos-de-la-ausencia\/wp-content\/uploads\/2023\/08\/UNION-EUROPEA-768x187.png 768w, https:\/\/idheas.org.mx\/la-esperanza-en-los-campos-de-la-ausencia\/wp-content\/uploads\/2023\/08\/UNION-EUROPEA-1536x373.png 1536w, https:\/\/idheas.org.mx\/la-esperanza-en-los-campos-de-la-ausencia\/wp-content\/uploads\/2023\/08\/UNION-EUROPEA-2048x498.png 2048w\" sizes=\"auto, (max-width: 800px) 100vw, 800px\" \/>\t\t\t\t\t\t\t\t\t\t\t\t\t\t\t<\/div>\n\t\t\t\t<\/div>\n\t\t\t\t\t<\/div>\n\t\t<\/div>\n\t\t\t\t\t\t\t<\/div>\n\t\t<\/section>\n\t\t\t\t\t<\/div>\n\t\t<\/div>\n\t\t\t\t\t\t\t<\/div>\n\t\t<\/section>\n\t\t\t\t\t\t\t<\/div>\n\t\t","protected":false},"excerpt":{"rendered":"<p>La esperanza en los campos de la ausencia: las mujeres buscadoras en M\u00e9xico Edici\u00f3n en Espa\u00f1ol English Edition Hope in the fields of absence : Searching women in Mexico The contents of this website are the source materials for our publication \u201cHope in the fields of absence : Searching women in Mexico\u201d, which can be [&hellip;]<\/p>\n","protected":false},"author":1,"featured_media":0,"parent":0,"menu_order":0,"comment_status":"closed","ping_status":"closed","template":"","meta":{"_eb_attr":"","footnotes":""},"class_list":["post-8","page","type-page","status-publish","hentry"],"_links":{"self":[{"href":"https:\/\/idheas.org.mx\/la-esperanza-en-los-campos-de-la-ausencia\/index.php\/wp-json\/wp\/v2\/pages\/8","targetHints":{"allow":["GET"]}}],"collection":[{"href":"https:\/\/idheas.org.mx\/la-esperanza-en-los-campos-de-la-ausencia\/index.php\/wp-json\/wp\/v2\/pages"}],"about":[{"href":"https:\/\/idheas.org.mx\/la-esperanza-en-los-campos-de-la-ausencia\/index.php\/wp-json\/wp\/v2\/types\/page"}],"author":[{"embeddable":true,"href":"https:\/\/idheas.org.mx\/la-esperanza-en-los-campos-de-la-ausencia\/index.php\/wp-json\/wp\/v2\/users\/1"}],"replies":[{"embeddable":true,"href":"https:\/\/idheas.org.mx\/la-esperanza-en-los-campos-de-la-ausencia\/index.php\/wp-json\/wp\/v2\/comments?post=8"}],"version-history":[{"count":94,"href":"https:\/\/idheas.org.mx\/la-esperanza-en-los-campos-de-la-ausencia\/index.php\/wp-json\/wp\/v2\/pages\/8\/revisions"}],"predecessor-version":[{"id":202,"href":"https:\/\/idheas.org.mx\/la-esperanza-en-los-campos-de-la-ausencia\/index.php\/wp-json\/wp\/v2\/pages\/8\/revisions\/202"}],"wp:attachment":[{"href":"https:\/\/idheas.org.mx\/la-esperanza-en-los-campos-de-la-ausencia\/index.php\/wp-json\/wp\/v2\/media?parent=8"}],"curies":[{"name":"wp","href":"https:\/\/api.w.org\/{rel}","templated":true}]}}